{"id":3378,"date":"2025-09-17T10:16:07","date_gmt":"2025-09-17T08:16:07","guid":{"rendered":"https:\/\/www.aira.es\/sobre-aira\/"},"modified":"2025-12-11T13:36:44","modified_gmt":"2025-12-11T12:36:44","slug":"sobre-aira","status":"publish","type":"page","link":"https:\/\/www.aira.es\/gl\/sobre-aira\/","title":{"rendered":"Sobre Aira"},"content":{"rendered":"\t\t<div data-elementor-type=\"wp-page\" data-elementor-id=\"3378\" class=\"elementor elementor-3378 elementor-1122\" data-elementor-post-type=\"page\">\n\t\t\t\t<div class=\"elementor-element elementor-element-14ac276 e-con-full e-flex e-con e-parent\" data-id=\"14ac276\" data-element_type=\"container\" data-e-type=\"container\">\n\t\t<div class=\"elementor-element elementor-element-d7e44b3 e-con-full e-flex e-con e-child\" data-id=\"d7e44b3\" data-element_type=\"container\" data-e-type=\"container\" data-settings=\"{&quot;background_background&quot;:&quot;classic&quot;}\">\n\t\t<div class=\"elementor-element elementor-element-76d7f3f e-con-full e-flex e-con e-child\" data-id=\"76d7f3f\" data-element_type=\"container\" data-e-type=\"container\">\n\t\t\t\t<div class=\"elementor-element elementor-element-26dab30 elementor-widget elementor-widget-heading\" data-id=\"26dab30\" data-element_type=\"widget\" data-e-type=\"widget\" data-widget_type=\"heading.default\">\n\t\t\t\t<div class=\"elementor-widget-container\">\n\t\t\t\t\t<h1 class=\"elementor-heading-title elementor-size-default\">Sobre Aira<\/h1>\t\t\t\t<\/div>\n\t\t\t\t<\/div>\n\t\t\t\t<div class=\"elementor-element elementor-element-a09d9fe elementor-invisible elementor-widget elementor-widget-heading\" data-id=\"a09d9fe\" data-element_type=\"widget\" data-e-type=\"widget\" data-settings=\"{&quot;_animation&quot;:&quot;fadeIn&quot;}\" data-widget_type=\"heading.default\">\n\t\t\t\t<div class=\"elementor-widget-container\">\n\t\t\t\t\t<p class=\"elementor-heading-title elementor-size-default\">Estamos comprometidos co rural e a sustentabilidade; estamos preto de ti.  <\/p>\t\t\t\t<\/div>\n\t\t\t\t<\/div>\n\t\t<div class=\"elementor-element elementor-element-7ca3f70 e-con-full animated-slow e-flex elementor-invisible e-con e-child\" data-id=\"7ca3f70\" data-element_type=\"container\" data-e-type=\"container\" data-settings=\"{&quot;animation&quot;:&quot;fadeInUp&quot;,&quot;background_background&quot;:&quot;classic&quot;}\">\n\t\t\t\t<div class=\"elementor-element elementor-element-8edd7b0 elementor-invisible elementor-widget elementor-widget-text-editor\" data-id=\"8edd7b0\" data-element_type=\"widget\" data-e-type=\"widget\" data-settings=\"{&quot;_animation&quot;:&quot;fadeIn&quot;}\" data-widget_type=\"text-editor.default\">\n\t\t\t\t<div class=\"elementor-widget-container\">\n\t\t\t\t\t\t\t\t\t<p><span class=\"TextRun SCXW48975406 BCX0\" lang=\"ES-ES\" data-contrast=\"auto\"><span class=\"NormalTextRun SCXW48975406 BCX0\">AIRA \u00e9 unha<\/span><\/span> <span class=\"TextRun MacChromeBold SCXW48975406 BCX0\" lang=\"ES-ES\" data-contrast=\"auto\"><span class=\"NormalTextRun SCXW48975406 BCX0\">cooperativa agroalimentaria galega<\/span><\/span> <span class=\"TextRun SCXW48975406 BCX0\" lang=\"ES-ES\" data-contrast=\"auto\"><span class=\"NormalTextRun SCXW48975406 BCX0\">que une<\/span> <span class=\"NormalTextRun SCXW48975406 BCX0\">o traballo e o compromiso rural de<\/span><\/span><\/p><p><span class=\"TextRun SCXW48975406 BCX0\" lang=\"ES-ES\" xml:lang=\"ES-ES\" data-contrast=\"auto\"><span class=\"NormalTextRun SCXW48975406 BCX0\">agricultores e gandeiros<\/span>\u00a0<span class=\"NormalTextRun SCXW48975406 BCX0\">co obxectivo de ofrecer produtos e servizos de calidade<\/span><\/span><\/p>\t\t\t\t\t\t\t\t<\/div>\n\t\t\t\t<\/div>\n\t\t\t\t<\/div>\n\t\t\t\t<\/div>\n\t\t\t\t<\/div>\n\t\t\t\t<\/div>\n\t\t<div class=\"elementor-element elementor-element-235481e e-flex e-con-boxed e-con e-parent\" data-id=\"235481e\" data-element_type=\"container\" data-e-type=\"container\" data-settings=\"{&quot;background_background&quot;:&quot;classic&quot;}\">\n\t\t\t\t\t<div class=\"e-con-inner\">\n\t\t\t\t<div class=\"elementor-element elementor-element-24f8d12 elementor-widget elementor-widget-heading\" data-id=\"24f8d12\" data-element_type=\"widget\" data-e-type=\"widget\" data-widget_type=\"heading.default\">\n\t\t\t\t<div class=\"elementor-widget-container\">\n\t\t\t\t\t<h2 class=\"elementor-heading-title elementor-size-default\">Unha cooperativa galega constru\u00edda sobre<br>unidade e visi\u00f3n compartida<\/h2>\t\t\t\t<\/div>\n\t\t\t\t<\/div>\n\t\t\t\t<div class=\"elementor-element elementor-element-001977c elementor-widget__width-initial elementor-widget elementor-widget-text-editor\" data-id=\"001977c\" data-element_type=\"widget\" data-e-type=\"widget\" data-widget_type=\"text-editor.default\">\n\t\t\t\t<div class=\"elementor-widget-container\">\n\t\t\t\t\t\t\t\t\t<p><span data-contrast=\"auto\">A nosa cooperativa agroalimentaria c\u00e9ntrase na<\/span> <b><span data-contrast=\"auto\">produci\u00f3n de leite e na fabricaci\u00f3n de pensos<\/span><\/b> <span data-contrast=\"auto\">, coa misi\u00f3n de estar preto de ti e ofrecerche produtos rurais<\/span> <b><span data-contrast=\"auto\">co aut\u00e9ntico sabor de Galicia<\/span><\/b> <span data-contrast=\"auto\">. Reunimos gandeiros e agricultores para ofrecerche unha ampla gama de produtos e servizos agr\u00edcolas.<\/span><\/p><p><span data-contrast=\"auto\">O m\u00e1is importante para todos n\u00f3s \u00e9 apoiar e impulsar o sector l\u00e1cteo galego. O que realmente diferencia a AIRA \u00e9 o compromiso e a unidade dos seus socios, persoas apaixonadas pola s\u00faa terra. <\/span><\/p>\t\t\t\t\t\t\t\t<\/div>\n\t\t\t\t<\/div>\n\t\t\t\t\t<\/div>\n\t\t\t\t<\/div>\n\t\t<div class=\"elementor-element elementor-element-8956e0c e-flex e-con-boxed e-con e-parent\" data-id=\"8956e0c\" data-element_type=\"container\" data-e-type=\"container\">\n\t\t\t\t\t<div class=\"e-con-inner\">\n\t\t<div class=\"elementor-element elementor-element-8687794 e-con-full animated-slow e-flex elementor-invisible e-con e-child\" data-id=\"8687794\" data-element_type=\"container\" data-e-type=\"container\" data-settings=\"{&quot;animation&quot;:&quot;fadeIn&quot;}\">\n\t\t\t\t<div class=\"elementor-element elementor-element-787da6e elementor-widget elementor-widget-image\" data-id=\"787da6e\" data-element_type=\"widget\" data-e-type=\"widget\" data-widget_type=\"image.default\">\n\t\t\t\t<div class=\"elementor-widget-container\">\n\t\t\t\t\t\t\t\t\t\t\t\t\t\t\t<img fetchpriority=\"high\" decoding=\"async\" width=\"345\" height=\"345\" src=\"https:\/\/www.aira.es\/wp-content\/uploads\/2025\/09\/Logotipo-Aira-color.jpg\" class=\"attachment-medium_large size-medium_large wp-image-3381\" alt=\"\" srcset=\"https:\/\/www.aira.es\/wp-content\/uploads\/2025\/09\/Logotipo-Aira-color.jpg 345w, https:\/\/www.aira.es\/wp-content\/uploads\/2025\/09\/Logotipo-Aira-color-300x300.jpg 300w, https:\/\/www.aira.es\/wp-content\/uploads\/2025\/09\/Logotipo-Aira-color-150x150.jpg 150w\" sizes=\"(max-width: 345px) 100vw, 345px\" \/>\t\t\t\t\t\t\t\t\t\t\t\t\t\t\t<\/div>\n\t\t\t\t<\/div>\n\t\t\t\t<\/div>\n\t\t<div class=\"elementor-element elementor-element-80f436f e-con-full e-flex e-con e-child\" data-id=\"80f436f\" data-element_type=\"container\" data-e-type=\"container\">\n\t\t\t\t<div class=\"elementor-element elementor-element-10c019d elementor-widget__width-initial elementor-invisible elementor-widget elementor-widget-heading\" data-id=\"10c019d\" data-element_type=\"widget\" data-e-type=\"widget\" data-settings=\"{&quot;_animation&quot;:&quot;fadeInUp&quot;}\" data-widget_type=\"heading.default\">\n\t\t\t\t<div class=\"elementor-widget-container\">\n\t\t\t\t\t<h3 class=\"elementor-heading-title elementor-size-default\">Desde 2005:<br> unha f\u00e1brica de pensos pioneira en Taboada<\/h3>\t\t\t\t<\/div>\n\t\t\t\t<\/div>\n\t\t\t\t<div class=\"elementor-element elementor-element-0d14cb3 elementor-widget__width-initial animated-slow elementor-invisible elementor-widget elementor-widget-text-editor\" data-id=\"0d14cb3\" data-element_type=\"widget\" data-e-type=\"widget\" data-settings=\"{&quot;_animation&quot;:&quot;fadeInUp&quot;}\" data-widget_type=\"text-editor.default\">\n\t\t\t\t<div class=\"elementor-widget-container\">\n\t\t\t\t\t\t\t\t\t<p><span class=\"TextRun SCXW120986002 BCX0\" lang=\"ES-ES\" data-contrast=\"auto\"><span class=\"NormalTextRun SCXW120986002 BCX0\">En 2005, AIRA constit\u00faese como unha cooperativa de segundo grao, aglutinando 12 cooperativas que se uniron co obxectivo de constru\u00edr unha gran f\u00e1brica de pensos moderna e competitiva en Taboada (Lugo), que abriu catro anos despois. Hoxe,<\/span><\/span> <strong><span class=\"TextRun MacChromeBold SCXW120986002 BCX0\" lang=\"ES-ES\" data-contrast=\"auto\"><span class=\"NormalTextRun SCXW120986002 BCX0\">somos a maior f\u00e1brica de pensos para gando vac\u00fan leiteiro de Espa\u00f1a.<\/span><\/span><\/strong><\/p>\t\t\t\t\t\t\t\t<\/div>\n\t\t\t\t<\/div>\n\t\t\t\t<\/div>\n\t\t\t\t\t<\/div>\n\t\t\t\t<\/div>\n\t\t<div class=\"elementor-element elementor-element-50204d5 e-flex e-con-boxed e-con e-parent\" data-id=\"50204d5\" data-element_type=\"container\" data-e-type=\"container\">\n\t\t\t\t\t<div class=\"e-con-inner\">\n\t\t<div class=\"elementor-element elementor-element-ec1cd75 e-con-full animated-slow e-flex elementor-invisible e-con e-child\" data-id=\"ec1cd75\" data-element_type=\"container\" data-e-type=\"container\" data-settings=\"{&quot;animation&quot;:&quot;fadeInDown&quot;}\">\n\t\t\t\t<div class=\"elementor-element elementor-element-b3990c1 elementor-widget elementor-widget-image\" data-id=\"b3990c1\" data-element_type=\"widget\" data-e-type=\"widget\" data-widget_type=\"image.default\">\n\t\t\t\t<div class=\"elementor-widget-container\">\n\t\t\t\t\t\t\t\t\t\t\t\t\t\t\t<img decoding=\"async\" width=\"345\" height=\"345\" src=\"https:\/\/www.aira.es\/wp-content\/uploads\/2025\/09\/Logotipo-Aira-icon.png\" class=\"attachment-medium_large size-medium_large wp-image-3380\" alt=\"\" srcset=\"https:\/\/www.aira.es\/wp-content\/uploads\/2025\/09\/Logotipo-Aira-icon.png 345w, https:\/\/www.aira.es\/wp-content\/uploads\/2025\/09\/Logotipo-Aira-icon-300x300.png 300w, https:\/\/www.aira.es\/wp-content\/uploads\/2025\/09\/Logotipo-Aira-icon-150x150.png 150w\" sizes=\"(max-width: 345px) 100vw, 345px\" \/>\t\t\t\t\t\t\t\t\t\t\t\t\t\t\t<\/div>\n\t\t\t\t<\/div>\n\t\t\t\t<\/div>\n\t\t<div class=\"elementor-element elementor-element-a3dd89f e-con-full e-flex e-con e-child\" data-id=\"a3dd89f\" data-element_type=\"container\" data-e-type=\"container\">\n\t\t\t\t<div class=\"elementor-element elementor-element-62abf2e elementor-widget__width-initial elementor-invisible elementor-widget elementor-widget-heading\" data-id=\"62abf2e\" data-element_type=\"widget\" data-e-type=\"widget\" data-settings=\"{&quot;_animation&quot;:&quot;fadeInUp&quot;}\" data-widget_type=\"heading.default\">\n\t\t\t\t<div class=\"elementor-widget-container\">\n\t\t\t\t\t<h3 class=\"elementor-heading-title elementor-size-default\">Consolidaci\u00f3n como referente no sector agroalimentario en Espa\u00f1a<\/h3>\t\t\t\t<\/div>\n\t\t\t\t<\/div>\n\t\t\t\t<div class=\"elementor-element elementor-element-c258880 elementor-widget__width-initial animated-slow elementor-invisible elementor-widget elementor-widget-text-editor\" data-id=\"c258880\" data-element_type=\"widget\" data-e-type=\"widget\" data-settings=\"{&quot;_animation&quot;:&quot;fadeInUp&quot;}\" data-widget_type=\"text-editor.default\">\n\t\t\t\t<div class=\"elementor-widget-container\">\n\t\t\t\t\t\t\t\t\t<p><span class=\"TextRun SCXW56993077 BCX0\" lang=\"ES-ES\" data-contrast=\"auto\"><span class=\"NormalTextRun SCXW56993077 BCX0\">En 2017, co obxectivo de adaptarnos ao sector e satisfacer as necesidades dos nosos socios,<\/span> <span class=\"NormalTextRun SCXW56993077 BCX0\">propux\u00e9moslles que fusionasen as actividades e a adhesi\u00f3n de todas esas cooperativas nunha \u00fanica entidade xur\u00eddica e, a principios do ano seguinte, AIRA xa era unha realidade.<\/span> <span class=\"NormalTextRun SCXW56993077 BCX0\">As\u00ed<\/span><\/span> <strong><span class=\"TextRun MacChromeBold SCXW56993077 BCX0\" lang=\"ES-ES\" data-contrast=\"auto\"><span class=\"NormalTextRun SCXW56993077 BCX0\">nace este proxecto, comprometido co coidado e o desenvolvemento sostible do noso medio ambiente.<\/span><\/span> <\/strong><\/p>\t\t\t\t\t\t\t\t<\/div>\n\t\t\t\t<\/div>\n\t\t\t\t<\/div>\n\t\t\t\t\t<\/div>\n\t\t\t\t<\/div>\n\t\t<div class=\"elementor-element elementor-element-04158b3 e-flex e-con-boxed e-con e-parent\" data-id=\"04158b3\" data-element_type=\"container\" data-e-type=\"container\">\n\t\t\t\t\t<div class=\"e-con-inner\">\n\t\t<div class=\"elementor-element elementor-element-83ca905 e-con-full animated-slow e-flex elementor-invisible e-con e-child\" data-id=\"83ca905\" data-element_type=\"container\" data-e-type=\"container\" data-settings=\"{&quot;animation&quot;:&quot;fadeInDown&quot;}\">\n\t\t\t\t<div class=\"elementor-element elementor-element-44dcb25 elementor-widget elementor-widget-image\" data-id=\"44dcb25\" data-element_type=\"widget\" data-e-type=\"widget\" data-widget_type=\"image.default\">\n\t\t\t\t<div class=\"elementor-widget-container\">\n\t\t\t\t\t\t\t\t\t\t\t\t\t\t\t<img decoding=\"async\" width=\"1\" height=\"1\" src=\"https:\/\/www.aira.es\/wp-content\/uploads\/2025\/05\/logotipo-aira.svg\" class=\"attachment-medium_large size-medium_large wp-image-3388 astra-logo-svg\" alt=\"logo aira\" \/>\t\t\t\t\t\t\t\t\t\t\t\t\t\t\t<\/div>\n\t\t\t\t<\/div>\n\t\t\t\t<\/div>\n\t\t<div class=\"elementor-element elementor-element-5c4aadb e-con-full e-flex e-con e-child\" data-id=\"5c4aadb\" data-element_type=\"container\" data-e-type=\"container\">\n\t\t\t\t<div class=\"elementor-element elementor-element-930f812 elementor-widget__width-initial elementor-invisible elementor-widget elementor-widget-heading\" data-id=\"930f812\" data-element_type=\"widget\" data-e-type=\"widget\" data-settings=\"{&quot;_animation&quot;:&quot;fadeInUp&quot;}\" data-widget_type=\"heading.default\">\n\t\t\t\t<div class=\"elementor-widget-container\">\n\t\t\t\t\t<h3 class=\"elementor-heading-title elementor-size-default\">Nacido da integraci\u00f3n cooperativa en 2018<\/h3>\t\t\t\t<\/div>\n\t\t\t\t<\/div>\n\t\t\t\t<div class=\"elementor-element elementor-element-8e8bc45 elementor-widget__width-initial animated-slow elementor-invisible elementor-widget elementor-widget-text-editor\" data-id=\"8e8bc45\" data-element_type=\"widget\" data-e-type=\"widget\" data-settings=\"{&quot;_animation&quot;:&quot;fadeInUp&quot;}\" data-widget_type=\"text-editor.default\">\n\t\t\t\t<div class=\"elementor-widget-container\">\n\t\t\t\t\t\t\t\t\t<p><span class=\"TextRun SCXW206277828 BCX0\" lang=\"ES-ES\" xml:lang=\"ES-ES\" data-contrast=\"auto\"><span class=\"NormalTextRun SCXW206277828 BCX0\">En 2018,<\/span> <span class=\"NormalTextRun SCXW206277828 BCX0\">AIRA<\/span> fundouse <span class=\"NormalTextRun SCXW206277828 BCX0\">como<\/span> <span class=\"NormalTextRun SCXW206277828 BCX0\">resultado dun<\/span><\/span>\u00a0<b>p<\/b><strong><span class=\"TextRun MacChromeBold SCXW206277828 BCX0\" lang=\"ES-ES\" data-contrast=\"auto\"><span class=\"NormalTextRun SCXW206277828 BCX0\">roceso de integraci\u00f3n.<\/span><\/span><\/strong>\u00a0<span class=\"TextRun SCXW206277828 BCX0\" lang=\"ES-ES\" data-contrast=\"auto\"><span class=\"NormalTextRun SCXW206277828 BCX0\">Este proxecto<\/span> <span class=\"NormalTextRun SCXW206277828 BCX0\">supuxo a fusi\u00f3n das cooperativas AGRIS, ICOS, COGASAR, COELPLAN e AIRA nunha \u00fanica entidade xur\u00eddica.<\/span> <span class=\"NormalTextRun SCXW206277828 BCX0\">Un proxecto por e para cada unha das persoas que forman parte desta cooperativa, cuxo obxectivo \u00e9 promover o rural galego dun xeito sostible e respectuoso.<\/span><\/span><\/p>\t\t\t\t\t\t\t\t<\/div>\n\t\t\t\t<\/div>\n\t\t\t\t<\/div>\n\t\t\t\t\t<\/div>\n\t\t\t\t<\/div>\n\t\t<div class=\"elementor-element elementor-element-8c92a66 e-flex e-con-boxed elementor-invisible e-con e-parent\" data-id=\"8c92a66\" data-element_type=\"container\" data-e-type=\"container\" data-settings=\"{&quot;animation&quot;:&quot;fadeInUp&quot;}\">\n\t\t\t\t\t<div class=\"e-con-inner\">\n\t\t\t\t<div class=\"elementor-element elementor-element-9653622 elementor-widget__width-initial elementor-widget elementor-widget-heading\" data-id=\"9653622\" data-element_type=\"widget\" data-e-type=\"widget\" data-widget_type=\"heading.default\">\n\t\t\t\t<div class=\"elementor-widget-container\">\n\t\t\t\t\t<h2 class=\"elementor-heading-title elementor-size-default\">A nosa filosof\u00eda:<br> compromiso co rural,<br> sustentabilidade e futuro com\u00fan<\/h2>\t\t\t\t<\/div>\n\t\t\t\t<\/div>\n\t\t\t\t<div class=\"elementor-element elementor-element-1ccf9d4 elementor-widget__width-initial elementor-widget elementor-widget-text-editor\" data-id=\"1ccf9d4\" data-element_type=\"widget\" data-e-type=\"widget\" data-widget_type=\"text-editor.default\">\n\t\t\t\t<div class=\"elementor-widget-container\">\n\t\t\t\t\t\t\t\t\t<p><span class=\"TextRun SCXW121398764 BCX0\" lang=\"ES-ES\" data-contrast=\"auto\"><span class=\"NormalTextRun SCXW121398764 BCX0\">Un dos nosos principais obxectivos<\/span> <span class=\"NormalTextRun SCXW121398764 BCX0\">como cooperativa agraria galega \u00e9 ser l\u00edderes<\/span> <span class=\"NormalTextRun SCXW121398764 BCX0\">na<\/span><\/span> <strong><span class=\"TextRun MacChromeBold SCXW121398764 BCX0\" lang=\"ES-ES\" data-contrast=\"auto\"><span class=\"NormalTextRun SCXW121398764 BCX0\">valorizaci\u00f3n do sector l\u00e1cteo a trav\u00e9s do desenvolvemento, procesamento e comercializaci\u00f3n de produtos<\/span><\/span><\/strong> <span class=\"TextRun SCXW121398764 BCX0\" lang=\"ES-ES\" data-contrast=\"auto\"><span class=\"NormalTextRun SCXW121398764 BCX0\">para os nosos consumidores creados sobre a base dunha combinaci\u00f3n de innovaci\u00f3n e tradici\u00f3n.<\/span><\/span><\/p>\t\t\t\t\t\t\t\t<\/div>\n\t\t\t\t<\/div>\n\t\t\t\t\t<\/div>\n\t\t\t\t<\/div>\n\t\t<div class=\"elementor-element elementor-element-b642914 e-con-full animated-slow e-flex elementor-invisible e-con e-parent\" data-id=\"b642914\" data-element_type=\"container\" data-e-type=\"container\" data-settings=\"{&quot;animation&quot;:&quot;fadeInUp&quot;}\">\n\t\t<div class=\"elementor-element elementor-element-41074c6 e-con-full e-flex e-con e-child\" data-id=\"41074c6\" data-element_type=\"container\" data-e-type=\"container\" data-settings=\"{&quot;background_background&quot;:&quot;classic&quot;}\">\n\t\t<div class=\"elementor-element elementor-element-709c90d e-flex e-con-boxed e-con e-child\" data-id=\"709c90d\" data-element_type=\"container\" data-e-type=\"container\">\n\t\t\t\t\t<div class=\"e-con-inner\">\n\t\t\t\t<div class=\"elementor-element elementor-element-7963c27 elementor-widget elementor-widget-heading\" data-id=\"7963c27\" data-element_type=\"widget\" data-e-type=\"widget\" data-widget_type=\"heading.default\">\n\t\t\t\t<div class=\"elementor-widget-container\">\n\t\t\t\t\t<h3 class=\"elementor-heading-title elementor-size-default\">Visi\u00f3n<\/h3>\t\t\t\t<\/div>\n\t\t\t\t<\/div>\n\t\t\t\t<div class=\"elementor-element elementor-element-9c016f6 elementor-widget elementor-widget-text-editor\" data-id=\"9c016f6\" data-element_type=\"widget\" data-e-type=\"widget\" data-widget_type=\"text-editor.default\">\n\t\t\t\t<div class=\"elementor-widget-container\">\n\t\t\t\t\t\t\t\t\t<p><span class=\"TextRun SCXW4524937 BCX0\" lang=\"ES-ES\" data-contrast=\"auto\"><span class=\"NormalTextRun SCXW4524937 BCX0\">Ser a<\/span><\/span> <strong><span class=\"TextRun MacChromeBold SCXW4524937 BCX0\" lang=\"ES-ES\" data-contrast=\"auto\"><span class=\"NormalTextRun SCXW4524937 BCX0\">cooperativa agroalimentaria l\u00edder no noroeste de Espa\u00f1a<\/span><\/span><\/strong> <span class=\"TextRun SCXW4524937 BCX0\" lang=\"ES-ES\" data-contrast=\"auto\"><span class=\"NormalTextRun SCXW4524937 BCX0\"><strong>,<\/strong> liderando a evoluci\u00f3n do sector cun modelo sostible e centrado nas persoas. Porque o futuro non se entende sen innovaci\u00f3n, sostibilidade e, sobre todo, sen as persoas.<\/span><\/span><span class=\"EOP SCXW4524937 BCX0\" data-ccp-props=\"{\"134233117\":false,\"134233118\":false,\"201341983\":0,\"335551550\":6,\"335551620\":6,\"335559738\":0,\"335559739\":160,\"335559740\":257}\"> <\/span><\/p>\t\t\t\t\t\t\t\t<\/div>\n\t\t\t\t<\/div>\n\t\t\t\t\t<\/div>\n\t\t\t\t<\/div>\n\t\t\t\t<\/div>\n\t\t\t\t<\/div>\n\t\t<div class=\"elementor-element elementor-element-ad985f5 e-con-full animated-slow e-flex elementor-invisible e-con e-parent\" data-id=\"ad985f5\" data-element_type=\"container\" data-e-type=\"container\" data-settings=\"{&quot;animation&quot;:&quot;fadeInUp&quot;}\">\n\t\t<div class=\"elementor-element elementor-element-2944e21 e-con-full e-flex e-con e-child\" data-id=\"2944e21\" data-element_type=\"container\" data-e-type=\"container\" data-settings=\"{&quot;background_background&quot;:&quot;classic&quot;}\">\n\t\t<div class=\"elementor-element elementor-element-ebb80b0 e-flex e-con-boxed e-con e-child\" data-id=\"ebb80b0\" data-element_type=\"container\" data-e-type=\"container\">\n\t\t\t\t\t<div class=\"e-con-inner\">\n\t\t\t\t<div class=\"elementor-element elementor-element-6f93a3d elementor-widget elementor-widget-heading\" data-id=\"6f93a3d\" data-element_type=\"widget\" data-e-type=\"widget\" data-widget_type=\"heading.default\">\n\t\t\t\t<div class=\"elementor-widget-container\">\n\t\t\t\t\t<h3 class=\"elementor-heading-title elementor-size-default\">Misi\u00f3n<\/h3>\t\t\t\t<\/div>\n\t\t\t\t<\/div>\n\t\t\t\t<div class=\"elementor-element elementor-element-800f8d8 elementor-widget elementor-widget-text-editor\" data-id=\"800f8d8\" data-element_type=\"widget\" data-e-type=\"widget\" data-widget_type=\"text-editor.default\">\n\t\t\t\t<div class=\"elementor-widget-container\">\n\t\t\t\t\t\t\t\t\t<p><span data-contrast=\"auto\">Impulsar o desenvolvemento e a sustentabilidade do sector agroalimentario en Galicia, ofrecendo aos nosos socios<\/span> <b><span data-contrast=\"auto\">soluci\u00f3ns innovadoras, asesoramento experto e servizos de calidade<\/span><\/b> <span data-contrast=\"auto\">que optimicen a rendibilidade e a competitividade das s\u00faas explotaci\u00f3ns. Como cooperativa,<\/span> <b><span data-contrast=\"auto\">promovemos a integraci\u00f3n, o comercio xusto, o benestar animal e a excelencia produtiva<\/span><\/b> <span data-contrast=\"auto\">, garantindo un modelo sostible que fortaleza o tecido rural e preserve a nosa identidade.<\/span><\/p><p>\u00a0<\/p><p><span data-contrast=\"auto\">Xuntos constru\u00edmos un futuro s\u00f3lido para o rural galego. <\/span><b><span data-contrast=\"auto\">Estamos preto dos nosos agricultores, da nosa terra, do noso entorno. Estamos preto de ti.<\/span><\/b><\/p>\t\t\t\t\t\t\t\t<\/div>\n\t\t\t\t<\/div>\n\t\t\t\t\t<\/div>\n\t\t\t\t<\/div>\n\t\t\t\t<\/div>\n\t\t\t\t<\/div>\n\t\t<div class=\"elementor-element elementor-element-6169129 e-con-full animated-slow e-flex elementor-invisible e-con e-parent\" data-id=\"6169129\" data-element_type=\"container\" data-e-type=\"container\" data-settings=\"{&quot;animation&quot;:&quot;fadeInUp&quot;}\">\n\t\t<div class=\"elementor-element elementor-element-7e2b5a0 e-con-full e-flex e-con e-child\" data-id=\"7e2b5a0\" data-element_type=\"container\" data-e-type=\"container\" data-settings=\"{&quot;background_background&quot;:&quot;classic&quot;}\">\n\t\t<div class=\"elementor-element elementor-element-fe43875 e-flex e-con-boxed e-con e-child\" data-id=\"fe43875\" data-element_type=\"container\" data-e-type=\"container\">\n\t\t\t\t\t<div class=\"e-con-inner\">\n\t\t\t\t<div class=\"elementor-element elementor-element-1d21d4c elementor-widget elementor-widget-heading\" data-id=\"1d21d4c\" data-element_type=\"widget\" data-e-type=\"widget\" data-widget_type=\"heading.default\">\n\t\t\t\t<div class=\"elementor-widget-container\">\n\t\t\t\t\t<h3 class=\"elementor-heading-title elementor-size-default\">Valores<\/h3>\t\t\t\t<\/div>\n\t\t\t\t<\/div>\n\t\t\t\t<div class=\"elementor-element elementor-element-d3225b6 elementor-widget elementor-widget-text-editor\" data-id=\"d3225b6\" data-element_type=\"widget\" data-e-type=\"widget\" data-widget_type=\"text-editor.default\">\n\t\t\t\t<div class=\"elementor-widget-container\">\n\t\t\t\t\t\t\t\t\t<p><span class=\"TextRun SCXW107558198 BCX0\" lang=\"ES-ES\" data-contrast=\"auto\"><span class=\"NormalTextRun SCXW107558198 BCX0\">Ofrecemos a todos os socios unha ampla gama de servizos para<\/span><\/span> <strong><span class=\"TextRun MacChromeBold SCXW107558198 BCX0\" lang=\"ES-ES\" data-contrast=\"auto\"><span class=\"NormalTextRun SCXW107558198 BCX0\">mellorar o<\/span> <span class=\"NormalTextRun SCXW107558198 BCX0\">rendemento<\/span> <span class=\"NormalTextRun SCXW107558198 BCX0\">e a produtividade das s\u00faas explotaci\u00f3ns e terras.<\/span><\/span><\/strong> <span class=\"TextRun SCXW107558198 BCX0\" lang=\"ES-ES\" data-contrast=\"auto\"><span class=\"NormalTextRun SCXW107558198 BCX0\">Isto promove mellores pr\u00e1cticas de produci\u00f3n e da a co\u00f1ecer o sector gandeiro e agr\u00edcola galego.<\/span><\/span> <span class=\"TextRun SCXW107558198 BCX0\" lang=\"ES-ES\" data-contrast=\"auto\"><span class=\"NormalTextRun SCXW107558198 BCX0\">Estes valores non son unha declaraci\u00f3n te\u00f3rica. Son os que nos definen como cooperativa e como equipo.<\/span><\/span><\/p>\t\t\t\t\t\t\t\t<\/div>\n\t\t\t\t<\/div>\n\t\t\t\t<div class=\"elementor-element elementor-element-8494cac elementor-widget elementor-widget-text-editor\" data-id=\"8494cac\" data-element_type=\"widget\" data-e-type=\"widget\" data-widget_type=\"text-editor.default\">\n\t\t\t\t<div class=\"elementor-widget-container\">\n\t\t\t\t\t\t\t\t\t<ul><li style=\"list-style-type: none;\"><ul><li aria-setsize=\"-1\" data-leveltext=\"-\" data-font=\"Aptos\" data-listid=\"11\" data-list-defn-props=\"{\" data-aria-posinset=\"1\" data-aria-level=\"1\">Compromiso cos nosos membros, porque son a raz\u00f3n de ser de AIRA e o centro de todas as decisi\u00f3ns.<\/li><\/ul><\/li><\/ul><ul><li style=\"list-style-type: none;\"><ul><li aria-setsize=\"-1\" data-leveltext=\"-\" data-font=\"Aptos\" data-listid=\"10\" data-list-defn-props=\"{\" data-aria-posinset=\"1\" data-aria-level=\"1\">Calidade e excelencia, porque queremos que os nosos produtos sexan reco\u00f1ecidos e valorados.<\/li><\/ul><\/li><\/ul><ul><li style=\"list-style-type: none;\"><ul><li aria-setsize=\"-1\" data-leveltext=\"-\" data-font=\"Aptos\" data-listid=\"12\" data-list-defn-props=\"{\" data-aria-posinset=\"1\" data-aria-level=\"1\">Innovaci\u00f3n e sustentabilidade, porque o futuro constr\u00faese sobre a mellora continua e o respecto polo noso medio ambiente.<\/li><\/ul><\/li><\/ul><ul><li style=\"list-style-type: none;\"><ul><li aria-setsize=\"-1\" data-leveltext=\"-\" data-font=\"Aptos\" data-listid=\"13\" data-list-defn-props=\"{\" data-aria-posinset=\"1\" data-aria-level=\"1\">Compromiso co territorio e coa comunidade, porque sen un rural vibrante e pr\u00f3spero, non hai futuro para AIRA.<\/li><\/ul><\/li><\/ul><ul><li style=\"list-style-type: none;\"><ul><li aria-setsize=\"-1\" data-leveltext=\"-\" data-font=\"Aptos\" data-listid=\"14\" data-list-defn-props=\"{\" data-aria-posinset=\"1\" data-aria-level=\"1\">Transparencia e confianza, porque s\u00f3 a trav\u00e9s da claridade e a honestidade constru\u00edmos relaci\u00f3ns s\u00f3lidas.<\/li><\/ul><\/li><\/ul><ul><li style=\"list-style-type: none;\"><ul><li aria-setsize=\"-1\" data-leveltext=\"-\" data-font=\"Aptos\" data-listid=\"15\" data-list-defn-props=\"{\" data-aria-posinset=\"1\" data-aria-level=\"1\">Traballo en equipo e cooperaci\u00f3n, porque o \u00e9xito de AIRA \u00e9 un \u00e9xito colectivo onde cada parte importa.<\/li><\/ul><\/li><\/ul><ul><li style=\"list-style-type: none;\"><ul><li aria-setsize=\"-1\" data-leveltext=\"-\" data-font=\"Aptos\" data-listid=\"16\" data-list-defn-props=\"{\" data-aria-posinset=\"1\" data-aria-level=\"1\">Adaptabilidade e visi\u00f3n de futuro, porque sabemos que o mundo est\u00e1 a cambiar e queremos ser n\u00f3s os que lideremos ese cambio.<\/li><\/ul><\/li><\/ul>\t\t\t\t\t\t\t\t<\/div>\n\t\t\t\t<\/div>\n\t\t\t\t\t<\/div>\n\t\t\t\t<\/div>\n\t\t\t\t<\/div>\n\t\t\t\t<\/div>\n\t\t<div class=\"elementor-element elementor-element-1fbb61c e-flex e-con-boxed e-con e-parent\" data-id=\"1fbb61c\" data-element_type=\"container\" data-e-type=\"container\">\n\t\t\t\t\t<div class=\"e-con-inner\">\n\t\t<div class=\"elementor-element elementor-element-88c6cea e-con-full e-flex e-con e-child\" data-id=\"88c6cea\" data-element_type=\"container\" data-e-type=\"container\">\n\t\t\t\t<div class=\"elementor-element elementor-element-589d0ce elementor-widget elementor-widget-heading\" data-id=\"589d0ce\" data-element_type=\"widget\" data-e-type=\"widget\" data-widget_type=\"heading.default\">\n\t\t\t\t<div class=\"elementor-widget-container\">\n\t\t\t\t\t<h2 class=\"elementor-heading-title elementor-size-default\">Figuras que definen quen somos<\/h2>\t\t\t\t<\/div>\n\t\t\t\t<\/div>\n\t\t\t\t<div class=\"elementor-element elementor-element-6ae6c34 elementor-widget elementor-widget-text-editor\" data-id=\"6ae6c34\" data-element_type=\"widget\" data-e-type=\"widget\" data-widget_type=\"text-editor.default\">\n\t\t\t\t<div class=\"elementor-widget-container\">\n\t\t\t\t\t\t\t\t\t<p><span class=\"TextRun MacChromeBold SCXW56476082 BCX0\" lang=\"ES-ES\" xml:lang=\"ES-ES\" data-contrast=\"auto\"><span class=\"NormalTextRun SCXW56476082 BCX0\">AIRA \u00e9 a uni\u00f3n e o compromiso de socios, agricultores, traballadores e amantes do campo e da vida rural de Galicia.<\/span><\/span><span class=\"EOP SCXW56476082 BCX0\" data-ccp-props=\"{}\"> <\/span><\/p>\t\t\t\t\t\t\t\t<\/div>\n\t\t\t\t<\/div>\n\t\t\t\t<\/div>\n\t\t<div class=\"elementor-element elementor-element-e1da66e e-con-full e-flex e-con e-child\" data-id=\"e1da66e\" data-element_type=\"container\" data-e-type=\"container\">\n\t\t<div class=\"elementor-element elementor-element-7a0a28e e-grid e-con-full e-con e-child\" data-id=\"7a0a28e\" data-element_type=\"container\" data-e-type=\"container\">\n\t\t<div class=\"elementor-element elementor-element-3a5c512 e-con-full animated-fast e-flex elementor-invisible e-con e-child\" data-id=\"3a5c512\" data-element_type=\"container\" data-e-type=\"container\" data-settings=\"{&quot;background_background&quot;:&quot;classic&quot;,&quot;animation&quot;:&quot;fadeInUp&quot;,&quot;animation_delay&quot;:100}\">\n\t\t\t\t<div class=\"elementor-element elementor-element-fc213d7 elementor-widget elementor-widget-counter\" data-id=\"fc213d7\" data-element_type=\"widget\" data-e-type=\"widget\" data-widget_type=\"counter.default\">\n\t\t\t\t<div class=\"elementor-widget-container\">\n\t\t\t\t\t\t\t<div class=\"elementor-counter\">\n\t\t\t\t\t\t<div class=\"elementor-counter-number-wrapper\">\n\t\t\t\t<span class=\"elementor-counter-number-prefix\">+<\/span>\n\t\t\t\t<span class=\"elementor-counter-number\" data-duration=\"1000\" data-to-value=\"3000\" data-from-value=\"2500\" data-delimiter=\".\">2500<\/span>\n\t\t\t\t<span class=\"elementor-counter-number-suffix\"><\/span>\n\t\t\t<\/div>\n\t\t<\/div>\n\t\t\t\t\t\t<\/div>\n\t\t\t\t<\/div>\n\t\t\t\t<div class=\"elementor-element elementor-element-ce61ec1 elementor-widget elementor-widget-heading\" data-id=\"ce61ec1\" data-element_type=\"widget\" data-e-type=\"widget\" data-widget_type=\"heading.default\">\n\t\t\t\t<div class=\"elementor-widget-container\">\n\t\t\t\t\t<p class=\"elementor-heading-title elementor-size-default\">socios<\/p>\t\t\t\t<\/div>\n\t\t\t\t<\/div>\n\t\t\t\t<\/div>\n\t\t<div class=\"elementor-element elementor-element-435cace e-con-full animated-fast e-flex elementor-invisible e-con e-child\" data-id=\"435cace\" data-element_type=\"container\" data-e-type=\"container\" data-settings=\"{&quot;background_background&quot;:&quot;classic&quot;,&quot;animation&quot;:&quot;fadeInUp&quot;,&quot;animation_delay&quot;:100}\">\n\t\t\t\t<div class=\"elementor-element elementor-element-1c114b2 elementor-widget elementor-widget-counter\" data-id=\"1c114b2\" data-element_type=\"widget\" data-e-type=\"widget\" data-widget_type=\"counter.default\">\n\t\t\t\t<div class=\"elementor-widget-container\">\n\t\t\t\t\t\t\t<div class=\"elementor-counter\">\n\t\t\t\t\t\t<div class=\"elementor-counter-number-wrapper\">\n\t\t\t\t<span class=\"elementor-counter-number-prefix\">+<\/span>\n\t\t\t\t<span class=\"elementor-counter-number\" data-duration=\"1000\" data-to-value=\"340\" data-from-value=\"0\" data-delimiter=\".\">0<\/span>\n\t\t\t\t<span class=\"elementor-counter-number-suffix\"><\/span>\n\t\t\t<\/div>\n\t\t<\/div>\n\t\t\t\t\t\t<\/div>\n\t\t\t\t<\/div>\n\t\t\t\t<div class=\"elementor-element elementor-element-0e2150a elementor-widget elementor-widget-heading\" data-id=\"0e2150a\" data-element_type=\"widget\" data-e-type=\"widget\" data-widget_type=\"heading.default\">\n\t\t\t\t<div class=\"elementor-widget-container\">\n\t\t\t\t\t<p class=\"elementor-heading-title elementor-size-default\">traballadores<\/p>\t\t\t\t<\/div>\n\t\t\t\t<\/div>\n\t\t\t\t<\/div>\n\t\t<div class=\"elementor-element elementor-element-fb21cbd e-con-full animated-fast e-flex elementor-invisible e-con e-child\" data-id=\"fb21cbd\" data-element_type=\"container\" data-e-type=\"container\" data-settings=\"{&quot;background_background&quot;:&quot;classic&quot;,&quot;animation&quot;:&quot;fadeInUp&quot;,&quot;animation_delay&quot;:100}\">\n\t\t\t\t<div class=\"elementor-element elementor-element-a27c2aa elementor-widget elementor-widget-counter\" data-id=\"a27c2aa\" data-element_type=\"widget\" data-e-type=\"widget\" data-widget_type=\"counter.default\">\n\t\t\t\t<div class=\"elementor-widget-container\">\n\t\t\t\t\t\t\t<div class=\"elementor-counter\">\n\t\t\t\t\t\t<div class=\"elementor-counter-number-wrapper\">\n\t\t\t\t<span class=\"elementor-counter-number-prefix\">+<\/span>\n\t\t\t\t<span class=\"elementor-counter-number\" data-duration=\"1000\" data-to-value=\"6.2\" data-from-value=\"0\" data-delimiter=\".\">0<\/span>\n\t\t\t\t<span class=\"elementor-counter-number-suffix\">  MM\u20ac<\/span>\n\t\t\t<\/div>\n\t\t<\/div>\n\t\t\t\t\t\t<\/div>\n\t\t\t\t<\/div>\n\t\t\t\t<div class=\"elementor-element elementor-element-4e55a42 elementor-widget elementor-widget-heading\" data-id=\"4e55a42\" data-element_type=\"widget\" data-e-type=\"widget\" data-widget_type=\"heading.default\">\n\t\t\t\t<div class=\"elementor-widget-container\">\n\t\t\t\t\t<p class=\"elementor-heading-title elementor-size-default\">EBITDA<\/p>\t\t\t\t<\/div>\n\t\t\t\t<\/div>\n\t\t\t\t<\/div>\n\t\t<div class=\"elementor-element elementor-element-47014f5 e-con-full animated-fast e-flex elementor-invisible e-con e-child\" data-id=\"47014f5\" data-element_type=\"container\" data-e-type=\"container\" data-settings=\"{&quot;background_background&quot;:&quot;classic&quot;,&quot;animation&quot;:&quot;fadeInUp&quot;,&quot;animation_delay&quot;:100}\">\n\t\t\t\t<div class=\"elementor-element elementor-element-61ba28d elementor-widget elementor-widget-counter\" data-id=\"61ba28d\" data-element_type=\"widget\" data-e-type=\"widget\" data-widget_type=\"counter.default\">\n\t\t\t\t<div class=\"elementor-widget-container\">\n\t\t\t\t\t\t\t<div class=\"elementor-counter\">\n\t\t\t\t\t\t<div class=\"elementor-counter-number-wrapper\">\n\t\t\t\t<span class=\"elementor-counter-number-prefix\">+<\/span>\n\t\t\t\t<span class=\"elementor-counter-number\" data-duration=\"1000\" data-to-value=\"185\" data-from-value=\"1\" data-delimiter=\".\">1<\/span>\n\t\t\t\t<span class=\"elementor-counter-number-suffix\">  MM\u20ac<\/span>\n\t\t\t<\/div>\n\t\t<\/div>\n\t\t\t\t\t\t<\/div>\n\t\t\t\t<\/div>\n\t\t\t\t<div class=\"elementor-element elementor-element-e076b18 elementor-widget elementor-widget-heading\" data-id=\"e076b18\" data-element_type=\"widget\" data-e-type=\"widget\" data-widget_type=\"heading.default\">\n\t\t\t\t<div class=\"elementor-widget-container\">\n\t\t\t\t\t<p class=\"elementor-heading-title elementor-size-default\">facturaci\u00f3n total<\/p>\t\t\t\t<\/div>\n\t\t\t\t<\/div>\n\t\t\t\t<\/div>\n\t\t\t\t<\/div>\n\t\t\t\t<\/div>\n\t\t\t\t\t<\/div>\n\t\t\t\t<\/div>\n\t\t<div class=\"elementor-element elementor-element-62e84e3 e-flex e-con-boxed e-con e-parent\" data-id=\"62e84e3\" data-element_type=\"container\" data-e-type=\"container\" data-settings=\"{&quot;background_background&quot;:&quot;classic&quot;}\">\n\t\t\t\t\t<div class=\"e-con-inner\">\n\t\t\t\t<div class=\"elementor-element elementor-element-e7fdd92 elementor-widget elementor-widget-heading\" data-id=\"e7fdd92\" data-element_type=\"widget\" data-e-type=\"widget\" data-widget_type=\"heading.default\">\n\t\t\t\t<div class=\"elementor-widget-container\">\n\t\t\t\t\t<h2 class=\"elementor-heading-title elementor-size-default\">AIRA hoxe:<br> servizos, produtos<br> e innovaci\u00f3n para un sector vital<\/h2>\t\t\t\t<\/div>\n\t\t\t\t<\/div>\n\t\t\t\t<div class=\"elementor-element elementor-element-09144ec elementor-widget__width-initial elementor-widget elementor-widget-text-editor\" data-id=\"09144ec\" data-element_type=\"widget\" data-e-type=\"widget\" data-widget_type=\"text-editor.default\">\n\t\t\t\t<div class=\"elementor-widget-container\">\n\t\t\t\t\t\t\t\t\t<p><span data-contrast=\"auto\">Hoxe,<\/span> <b><span data-contrast=\"auto\">AIRA \u00e9 unha cooperativa agroalimentaria que une a agricultores, produtores e gandeiros para promover o rural e os produtos l\u00e1cteos e agr\u00edcolas de Galicia.<\/span><\/b> <span data-contrast=\"auto\">Facemos posible o presente e o futuro do rural.<\/span><\/p><ul><li aria-setsize=\"-1\" data-leveltext=\"\uf0b7\" data-font=\"Symbol\" data-listid=\"9\" data-list-defn-props=\"{\" data-aria-posinset=\"1\" data-aria-level=\"1\"><b><span data-contrast=\"auto\">Servizos integrais<\/span><\/b><span data-contrast=\"auto\">. Ofrecemos consultor\u00eda, subministraci\u00f3ns agr\u00edcolas, comercializaci\u00f3n e produci\u00f3n animal aos nosos socios.<\/span><\/li><\/ul><ul><li aria-setsize=\"-1\" data-leveltext=\"\uf0b7\" data-font=\"Symbol\" data-listid=\"9\" data-list-defn-props=\"{\" data-aria-posinset=\"2\" data-aria-level=\"1\"><b><span data-contrast=\"auto\">Produtos propios.<\/span><\/b><span data-contrast=\"auto\"> Ofrecemos penso para granxas leiteiras, pesticidas, fertilizantes, sementes e moito m\u00e1is. <\/span><\/li><\/ul><ul><li aria-setsize=\"-1\" data-leveltext=\"\uf0b7\" data-font=\"Symbol\" data-listid=\"9\" data-list-defn-props=\"{\" data-aria-posinset=\"3\" data-aria-level=\"1\"><b><span data-contrast=\"auto\">Comercializaci\u00f3n.<\/span><\/b><span data-contrast=\"auto\"> Temos as nosas propias tendas e gasolineiras tanto para socios como para usuarios en xeral.<\/span><\/li><\/ul>\t\t\t\t\t\t\t\t<\/div>\n\t\t\t\t<\/div>\n\t\t\t\t\t<\/div>\n\t\t\t\t<\/div>\n\t\t<div class=\"elementor-element elementor-element-c3716a2 e-flex e-con-boxed e-con e-parent\" data-id=\"c3716a2\" data-element_type=\"container\" data-e-type=\"container\" data-settings=\"{&quot;background_background&quot;:&quot;classic&quot;}\">\n\t\t\t\t\t<div class=\"e-con-inner\">\n\t\t<div class=\"elementor-element elementor-element-7f9a360 e-con-full e-flex e-con e-child\" data-id=\"7f9a360\" data-element_type=\"container\" data-e-type=\"container\">\n\t\t\t\t<div class=\"elementor-element elementor-element-32913f8 elementor-widget elementor-widget-heading\" data-id=\"32913f8\" data-element_type=\"widget\" data-e-type=\"widget\" data-widget_type=\"heading.default\">\n\t\t\t\t<div class=\"elementor-widget-container\">\n\t\t\t\t\t<h2 class=\"elementor-heading-title elementor-size-default\">Socios de AIRA<\/h2>\t\t\t\t<\/div>\n\t\t\t\t<\/div>\n\t\t\t\t<div class=\"elementor-element elementor-element-7a97d34 elementor-widget__width-initial elementor-widget elementor-widget-text-editor\" data-id=\"7a97d34\" data-element_type=\"widget\" data-e-type=\"widget\" data-widget_type=\"text-editor.default\">\n\t\t\t\t<div class=\"elementor-widget-container\">\n\t\t\t\t\t\t\t\t\t<p><strong>Os nosos socios son a alma de AIRA<\/strong>:<br \/>gandeiros profundamente comprometidos co rural, a sustentabilidade e o desenvolvemento da nosa terra.<\/p><p><br \/>Grazas ao seu traballo diario, facemos posible a produci\u00f3n de produtos l\u00e1cteos e pensos de alta calidade.<\/p><p>\u00a0<\/p><p>\u00a0<\/p><p>Os seus esforzos impulsan o crecemento do sector agroalimentario galego, tanto a nivel nacional como internacional, levando o nome de Galicia moito m\u00e1is al\u00e1 das nosas fronteiras.<\/p>\t\t\t\t\t\t\t\t<\/div>\n\t\t\t\t<\/div>\n\t\t\t\t<\/div>\n\t\t<div class=\"elementor-element elementor-element-fcbc7e8 e-con-full e-flex elementor-invisible e-con e-child\" data-id=\"fcbc7e8\" data-element_type=\"container\" data-e-type=\"container\" data-settings=\"{&quot;animation&quot;:&quot;zoomIn&quot;}\">\n\t\t\t\t<div class=\"elementor-element elementor-element-c4477fc elementor-widget elementor-widget-image-carousel\" data-id=\"c4477fc\" data-element_type=\"widget\" data-e-type=\"widget\" data-settings=\"{&quot;slides_to_show&quot;:&quot;1&quot;,&quot;navigation&quot;:&quot;none&quot;,&quot;autoplay_speed&quot;:3000,&quot;effect&quot;:&quot;fade&quot;,&quot;autoplay&quot;:&quot;yes&quot;,&quot;infinite&quot;:&quot;yes&quot;,&quot;speed&quot;:500}\" data-widget_type=\"image-carousel.default\">\n\t\t\t\t<div class=\"elementor-widget-container\">\n\t\t\t\t\t\t\t<div class=\"elementor-image-carousel-wrapper swiper\" role=\"region\" aria-roledescription=\"carousel\" aria-label=\"Carrusel de im\u00e1genes\" dir=\"ltr\">\n\t\t\t<div class=\"elementor-image-carousel swiper-wrapper\" aria-live=\"off\">\n\t\t\t\t\t\t\t\t<div class=\"swiper-slide\" role=\"group\" aria-roledescription=\"slide\" aria-label=\"1 de 14\"><figure class=\"swiper-slide-inner\"><img decoding=\"async\" class=\"swiper-slide-image\" src=\"https:\/\/www.aira.es\/wp-content\/uploads\/2025\/10\/1.png\" alt=\"Casa Xan - Chantada\" \/><\/figure><\/div><div class=\"swiper-slide\" role=\"group\" aria-roledescription=\"slide\" aria-label=\"2 de 14\"><figure class=\"swiper-slide-inner\"><img decoding=\"async\" class=\"swiper-slide-image\" src=\"https:\/\/www.aira.es\/wp-content\/uploads\/2025\/10\/2.png\" alt=\"2\" \/><\/figure><\/div><div class=\"swiper-slide\" role=\"group\" aria-roledescription=\"slide\" aria-label=\"3 de 14\"><figure class=\"swiper-slide-inner\"><img decoding=\"async\" class=\"swiper-slide-image\" src=\"https:\/\/www.aira.es\/wp-content\/uploads\/2025\/10\/3.png\" alt=\"Curr\u00e1s Xi\u00e1 - Friol\" \/><\/figure><\/div><div class=\"swiper-slide\" role=\"group\" aria-roledescription=\"slide\" aria-label=\"4 de 14\"><figure class=\"swiper-slide-inner\"><img decoding=\"async\" class=\"swiper-slide-image\" src=\"https:\/\/www.aira.es\/wp-content\/uploads\/2025\/10\/4.png\" alt=\"4\" \/><\/figure><\/div><div class=\"swiper-slide\" role=\"group\" aria-roledescription=\"slide\" aria-label=\"5 de 14\"><figure class=\"swiper-slide-inner\"><img decoding=\"async\" class=\"swiper-slide-image\" src=\"https:\/\/www.aira.es\/wp-content\/uploads\/2025\/10\/5.png\" alt=\"5\" \/><\/figure><\/div><div class=\"swiper-slide\" role=\"group\" aria-roledescription=\"slide\" aria-label=\"6 de 14\"><figure class=\"swiper-slide-inner\"><img decoding=\"async\" class=\"swiper-slide-image\" src=\"https:\/\/www.aira.es\/wp-content\/uploads\/2025\/10\/6.png\" alt=\"6\" \/><\/figure><\/div><div class=\"swiper-slide\" role=\"group\" aria-roledescription=\"slide\" aria-label=\"7 de 14\"><figure class=\"swiper-slide-inner\"><img decoding=\"async\" class=\"swiper-slide-image\" src=\"https:\/\/www.aira.es\/wp-content\/uploads\/2025\/10\/7.png\" alt=\"7\" \/><\/figure><\/div><div class=\"swiper-slide\" role=\"group\" aria-roledescription=\"slide\" aria-label=\"8 de 14\"><figure class=\"swiper-slide-inner\"><img decoding=\"async\" class=\"swiper-slide-image\" src=\"https:\/\/www.aira.es\/wp-content\/uploads\/2025\/10\/8.png\" alt=\"8\" \/><\/figure><\/div><div class=\"swiper-slide\" role=\"group\" aria-roledescription=\"slide\" aria-label=\"9 de 14\"><figure class=\"swiper-slide-inner\"><img decoding=\"async\" class=\"swiper-slide-image\" src=\"https:\/\/www.aira.es\/wp-content\/uploads\/2025\/10\/9.png\" alt=\"9\" \/><\/figure><\/div><div class=\"swiper-slide\" role=\"group\" aria-roledescription=\"slide\" aria-label=\"10 de 14\"><figure class=\"swiper-slide-inner\"><img decoding=\"async\" class=\"swiper-slide-image\" src=\"https:\/\/www.aira.es\/wp-content\/uploads\/2025\/10\/11.png\" alt=\"11\" \/><\/figure><\/div><div class=\"swiper-slide\" role=\"group\" aria-roledescription=\"slide\" aria-label=\"11 de 14\"><figure class=\"swiper-slide-inner\"><img decoding=\"async\" class=\"swiper-slide-image\" src=\"https:\/\/www.aira.es\/wp-content\/uploads\/2025\/10\/12.png\" alt=\"12\" \/><\/figure><\/div><div class=\"swiper-slide\" role=\"group\" aria-roledescription=\"slide\" aria-label=\"12 de 14\"><figure class=\"swiper-slide-inner\"><img decoding=\"async\" class=\"swiper-slide-image\" src=\"https:\/\/www.aira.es\/wp-content\/uploads\/2025\/10\/13.png\" alt=\"13\" \/><\/figure><\/div><div class=\"swiper-slide\" role=\"group\" aria-roledescription=\"slide\" aria-label=\"13 de 14\"><figure class=\"swiper-slide-inner\"><img decoding=\"async\" class=\"swiper-slide-image\" src=\"https:\/\/www.aira.es\/wp-content\/uploads\/2025\/10\/14.png\" alt=\"14\" \/><\/figure><\/div><div class=\"swiper-slide\" role=\"group\" aria-roledescription=\"slide\" aria-label=\"14 de 14\"><figure class=\"swiper-slide-inner\"><img decoding=\"async\" class=\"swiper-slide-image\" src=\"https:\/\/www.aira.es\/wp-content\/uploads\/2025\/10\/10-1.png\" alt=\"10\" \/><\/figure><\/div>\t\t\t<\/div>\n\t\t\t\t\t\t\t\n\t\t\t\t\t\t\t\t\t<\/div>\n\t\t\t\t\t\t<\/div>\n\t\t\t\t<\/div>\n\t\t\t\t<\/div>\n\t\t\t\t\t<\/div>\n\t\t\t\t<\/div>\n\t\t<div class=\"elementor-element elementor-element-81c4228 e-flex e-con-boxed e-con e-parent\" data-id=\"81c4228\" data-element_type=\"container\" data-e-type=\"container\" data-settings=\"{&quot;background_background&quot;:&quot;classic&quot;}\">\n\t\t\t\t\t<div class=\"e-con-inner\">\n\t\t\t\t<div class=\"elementor-element elementor-element-817de2d elementor-widget__width-initial elementor-widget elementor-widget-heading\" data-id=\"817de2d\" data-element_type=\"widget\" data-e-type=\"widget\" data-widget_type=\"heading.default\">\n\t\t\t\t<div class=\"elementor-widget-container\">\n\t\t\t\t\t<h2 class=\"elementor-heading-title elementor-size-default\">Xuntos promovemos o\nrural galego e o futuro da nosa terra<\/h2>\t\t\t\t<\/div>\n\t\t\t\t<\/div>\n\t\t\t\t\t<\/div>\n\t\t\t\t<\/div>\n\t\t\t\t<\/div>\n\t\t","protected":false},"excerpt":{"rendered":"<p>Sobre Aira Estamos comprometidos co rural e a sustentabilidade; estamos preto de ti. AIRA \u00e9 unha cooperativa agroalimentaria galega que [&hellip;]<\/p>\n","protected":false},"author":2,"featured_media":0,"parent":0,"menu_order":0,"comment_status":"closed","ping_status":"closed","template":"","meta":{"site-sidebar-layout":"no-sidebar","site-content-layout":"","ast-site-content-layout":"full-width-container","site-content-style":"default","site-sidebar-style":"default","ast-global-header-display":"","ast-banner-title-visibility":"","ast-main-header-display":"","ast-hfb-above-header-display":"","ast-hfb-below-header-display":"","ast-hfb-mobile-header-display":"","site-post-title":"disabled","ast-breadcrumbs-content":"","ast-featured-img":"disabled","footer-sml-layout":"","theme-transparent-header-meta":"","adv-header-id-meta":"","stick-header-meta":"","header-above-stick-meta":"","header-main-stick-meta":"","header-below-stick-meta":"","astra-migrate-meta-layouts":"default","ast-page-background-enabled":"default","ast-page-background-meta":{"desktop":{"background-color":"var(--ast-global-color-5)","background-image":"","background-repeat":"repeat","background-position":"center center","background-size":"auto","background-attachment":"scroll","background-type":"","background-media":"","overlay-type":"","overlay-color":"","overlay-opacity":"","overlay-gradient":""},"tablet":{"background-color":"","background-image":"","background-repeat":"repeat","background-position":"center center","background-size":"auto","background-attachment":"scroll","background-type":"","background-media":"","overlay-type":"","overlay-color":"","overlay-opacity":"","overlay-gradient":""},"mobile":{"background-color":"","background-image":"","background-repeat":"repeat","background-position":"center center","background-size":"auto","background-attachment":"scroll","background-type":"","background-media":"","overlay-type":"","overlay-color":"","overlay-opacity":"","overlay-gradient":""}},"ast-content-background-meta":{"desktop":{"background-color":"var(--ast-global-color-4)","background-image":"","background-repeat":"repeat","background-position":"center center","background-size":"auto","background-attachment":"scroll","background-type":"","background-media":"","overlay-type":"","overlay-color":"","overlay-opacity":"","overlay-gradient":""},"tablet":{"background-color":"var(--ast-global-color-4)","background-image":"","background-repeat":"repeat","background-position":"center center","background-size":"auto","background-attachment":"scroll","background-type":"","background-media":"","overlay-type":"","overlay-color":"","overlay-opacity":"","overlay-gradient":""},"mobile":{"background-color":"var(--ast-global-color-4)","background-image":"","background-repeat":"repeat","background-position":"center center","background-size":"auto","background-attachment":"scroll","background-type":"","background-media":"","overlay-type":"","overlay-color":"","overlay-opacity":"","overlay-gradient":""}},"footnotes":""},"class_list":["post-3378","page","type-page","status-publish","hentry"],"yoast_head":"<!-- This site is optimized with the Yoast SEO plugin v27.1.1 - https:\/\/yoast.com\/product\/yoast-seo-wordpress\/ -->\n<title>Sobre Aira - Aira<\/title>\n<meta name=\"robots\" content=\"index, follow, max-snippet:-1, max-image-preview:large, max-video-preview:-1\" \/>\n<link rel=\"canonical\" href=\"https:\/\/www.aira.es\/gl\/sobre-aira\/\" \/>\n<meta property=\"og:locale\" content=\"gl_ES\" \/>\n<meta property=\"og:type\" content=\"article\" \/>\n<meta property=\"og:title\" content=\"Sobre Aira - Aira\" \/>\n<meta property=\"og:description\" content=\"Sobre Aira Estamos comprometidos co rural e a sustentabilidade; estamos preto de ti. AIRA \u00e9 unha cooperativa agroalimentaria galega que [&hellip;]\" \/>\n<meta property=\"og:url\" content=\"https:\/\/www.aira.es\/gl\/sobre-aira\/\" \/>\n<meta property=\"og:site_name\" content=\"Aira\" \/>\n<meta property=\"article:modified_time\" content=\"2025-12-11T12:36:44+00:00\" \/>\n<meta property=\"og:image\" content=\"https:\/\/www.aira.es\/wp-content\/uploads\/2025\/09\/Logotipo-Aira-color.jpg\" \/>\n\t<meta property=\"og:image:width\" content=\"345\" \/>\n\t<meta property=\"og:image:height\" content=\"345\" \/>\n\t<meta property=\"og:image:type\" content=\"image\/jpeg\" \/>\n<meta name=\"twitter:card\" content=\"summary_large_image\" \/>\n<meta name=\"twitter:label1\" content=\"Tempo de lectura\" \/>\n\t<meta name=\"twitter:data1\" content=\"9 minutos\" \/>\n<script type=\"application\/ld+json\" class=\"yoast-schema-graph\">{\"@context\":\"https:\/\/schema.org\",\"@graph\":[{\"@type\":\"WebPage\",\"@id\":\"https:\/\/www.aira.es\/gl\/sobre-aira\/\",\"url\":\"https:\/\/www.aira.es\/gl\/sobre-aira\/\",\"name\":\"Sobre Aira - Aira\",\"isPartOf\":{\"@id\":\"https:\/\/www.aira.es\/gl\/#website\"},\"primaryImageOfPage\":{\"@id\":\"https:\/\/www.aira.es\/gl\/sobre-aira\/#primaryimage\"},\"image\":{\"@id\":\"https:\/\/www.aira.es\/gl\/sobre-aira\/#primaryimage\"},\"thumbnailUrl\":\"https:\/\/www.aira.es\/wp-content\/uploads\/2025\/09\/Logotipo-Aira-color.jpg\",\"datePublished\":\"2025-09-17T08:16:07+00:00\",\"dateModified\":\"2025-12-11T12:36:44+00:00\",\"breadcrumb\":{\"@id\":\"https:\/\/www.aira.es\/gl\/sobre-aira\/#breadcrumb\"},\"inLanguage\":\"gl-ES\",\"potentialAction\":[{\"@type\":\"ReadAction\",\"target\":[\"https:\/\/www.aira.es\/gl\/sobre-aira\/\"]}]},{\"@type\":\"ImageObject\",\"inLanguage\":\"gl-ES\",\"@id\":\"https:\/\/www.aira.es\/gl\/sobre-aira\/#primaryimage\",\"url\":\"https:\/\/www.aira.es\/wp-content\/uploads\/2025\/09\/Logotipo-Aira-color.jpg\",\"contentUrl\":\"https:\/\/www.aira.es\/wp-content\/uploads\/2025\/09\/Logotipo-Aira-color.jpg\"},{\"@type\":\"BreadcrumbList\",\"@id\":\"https:\/\/www.aira.es\/gl\/sobre-aira\/#breadcrumb\",\"itemListElement\":[{\"@type\":\"ListItem\",\"position\":1,\"name\":\"Portada\",\"item\":\"https:\/\/www.aira.es\/gl\/\"},{\"@type\":\"ListItem\",\"position\":2,\"name\":\"Sobre Aira\"}]},{\"@type\":\"WebSite\",\"@id\":\"https:\/\/www.aira.es\/gl\/#website\",\"url\":\"https:\/\/www.aira.es\/gl\/\",\"name\":\"Aira\",\"description\":\"AIRA es el resultado de un proceso de integraci\u00f3n cooperativa iniciado en 2018, que supuso la fusi\u00f3n en una \u00fanica entidad jur\u00eddica de las cooperativas AGRIS, ICOS, COGASAR, COELPLAN y AIRA.\",\"publisher\":{\"@id\":\"https:\/\/www.aira.es\/gl\/#organization\"},\"potentialAction\":[{\"@type\":\"SearchAction\",\"target\":{\"@type\":\"EntryPoint\",\"urlTemplate\":\"https:\/\/www.aira.es\/gl\/?s={search_term_string}\"},\"query-input\":{\"@type\":\"PropertyValueSpecification\",\"valueRequired\":true,\"valueName\":\"search_term_string\"}}],\"inLanguage\":\"gl-ES\"},{\"@type\":\"Organization\",\"@id\":\"https:\/\/www.aira.es\/gl\/#organization\",\"name\":\"Aira\",\"url\":\"https:\/\/www.aira.es\/gl\/\",\"logo\":{\"@type\":\"ImageObject\",\"inLanguage\":\"gl-ES\",\"@id\":\"https:\/\/www.aira.es\/gl\/#\/schema\/logo\/image\/\",\"url\":\"https:\/\/www.aira.es\/wp-content\/uploads\/2025\/05\/logotipo-aira.svg\",\"contentUrl\":\"https:\/\/www.aira.es\/wp-content\/uploads\/2025\/05\/logotipo-aira.svg\",\"caption\":\"Aira\"},\"image\":{\"@id\":\"https:\/\/www.aira.es\/gl\/#\/schema\/logo\/image\/\"}}]}<\/script>\n<!-- \/ Yoast SEO plugin. -->","yoast_head_json":{"title":"Sobre Aira - Aira","robots":{"index":"index","follow":"follow","max-snippet":"max-snippet:-1","max-image-preview":"max-image-preview:large","max-video-preview":"max-video-preview:-1"},"canonical":"https:\/\/www.aira.es\/gl\/sobre-aira\/","og_locale":"gl_ES","og_type":"article","og_title":"Sobre Aira - Aira","og_description":"Sobre Aira Estamos comprometidos co rural e a sustentabilidade; estamos preto de ti. AIRA \u00e9 unha cooperativa agroalimentaria galega que [&hellip;]","og_url":"https:\/\/www.aira.es\/gl\/sobre-aira\/","og_site_name":"Aira","article_modified_time":"2025-12-11T12:36:44+00:00","og_image":[{"width":345,"height":345,"url":"https:\/\/www.aira.es\/wp-content\/uploads\/2025\/09\/Logotipo-Aira-color.jpg","type":"image\/jpeg"}],"twitter_card":"summary_large_image","twitter_misc":{"Tempo de lectura":"9 minutos"},"schema":{"@context":"https:\/\/schema.org","@graph":[{"@type":"WebPage","@id":"https:\/\/www.aira.es\/gl\/sobre-aira\/","url":"https:\/\/www.aira.es\/gl\/sobre-aira\/","name":"Sobre Aira - Aira","isPartOf":{"@id":"https:\/\/www.aira.es\/gl\/#website"},"primaryImageOfPage":{"@id":"https:\/\/www.aira.es\/gl\/sobre-aira\/#primaryimage"},"image":{"@id":"https:\/\/www.aira.es\/gl\/sobre-aira\/#primaryimage"},"thumbnailUrl":"https:\/\/www.aira.es\/wp-content\/uploads\/2025\/09\/Logotipo-Aira-color.jpg","datePublished":"2025-09-17T08:16:07+00:00","dateModified":"2025-12-11T12:36:44+00:00","breadcrumb":{"@id":"https:\/\/www.aira.es\/gl\/sobre-aira\/#breadcrumb"},"inLanguage":"gl-ES","potentialAction":[{"@type":"ReadAction","target":["https:\/\/www.aira.es\/gl\/sobre-aira\/"]}]},{"@type":"ImageObject","inLanguage":"gl-ES","@id":"https:\/\/www.aira.es\/gl\/sobre-aira\/#primaryimage","url":"https:\/\/www.aira.es\/wp-content\/uploads\/2025\/09\/Logotipo-Aira-color.jpg","contentUrl":"https:\/\/www.aira.es\/wp-content\/uploads\/2025\/09\/Logotipo-Aira-color.jpg"},{"@type":"BreadcrumbList","@id":"https:\/\/www.aira.es\/gl\/sobre-aira\/#breadcrumb","itemListElement":[{"@type":"ListItem","position":1,"name":"Portada","item":"https:\/\/www.aira.es\/gl\/"},{"@type":"ListItem","position":2,"name":"Sobre Aira"}]},{"@type":"WebSite","@id":"https:\/\/www.aira.es\/gl\/#website","url":"https:\/\/www.aira.es\/gl\/","name":"Aira","description":"AIRA es el resultado de un proceso de integraci\u00f3n cooperativa iniciado en 2018, que supuso la fusi\u00f3n en una \u00fanica entidad jur\u00eddica de las cooperativas AGRIS, ICOS, COGASAR, COELPLAN y AIRA.","publisher":{"@id":"https:\/\/www.aira.es\/gl\/#organization"},"potentialAction":[{"@type":"SearchAction","target":{"@type":"EntryPoint","urlTemplate":"https:\/\/www.aira.es\/gl\/?s={search_term_string}"},"query-input":{"@type":"PropertyValueSpecification","valueRequired":true,"valueName":"search_term_string"}}],"inLanguage":"gl-ES"},{"@type":"Organization","@id":"https:\/\/www.aira.es\/gl\/#organization","name":"Aira","url":"https:\/\/www.aira.es\/gl\/","logo":{"@type":"ImageObject","inLanguage":"gl-ES","@id":"https:\/\/www.aira.es\/gl\/#\/schema\/logo\/image\/","url":"https:\/\/www.aira.es\/wp-content\/uploads\/2025\/05\/logotipo-aira.svg","contentUrl":"https:\/\/www.aira.es\/wp-content\/uploads\/2025\/05\/logotipo-aira.svg","caption":"Aira"},"image":{"@id":"https:\/\/www.aira.es\/gl\/#\/schema\/logo\/image\/"}}]}},"_links":{"self":[{"href":"https:\/\/www.aira.es\/gl\/wp-json\/wp\/v2\/pages\/3378","targetHints":{"allow":["GET"]}}],"collection":[{"href":"https:\/\/www.aira.es\/gl\/wp-json\/wp\/v2\/pages"}],"about":[{"href":"https:\/\/www.aira.es\/gl\/wp-json\/wp\/v2\/types\/page"}],"author":[{"embeddable":true,"href":"https:\/\/www.aira.es\/gl\/wp-json\/wp\/v2\/users\/2"}],"replies":[{"embeddable":true,"href":"https:\/\/www.aira.es\/gl\/wp-json\/wp\/v2\/comments?post=3378"}],"version-history":[{"count":0,"href":"https:\/\/www.aira.es\/gl\/wp-json\/wp\/v2\/pages\/3378\/revisions"}],"wp:attachment":[{"href":"https:\/\/www.aira.es\/gl\/wp-json\/wp\/v2\/media?parent=3378"}],"curies":[{"name":"wp","href":"https:\/\/api.w.org\/{rel}","templated":true}]}}