{"id":3464,"date":"2025-10-02T10:26:00","date_gmt":"2025-10-02T08:26:00","guid":{"rendered":"https:\/\/www.aira.es\/subsidies\/"},"modified":"2025-10-24T07:24:37","modified_gmt":"2025-10-24T05:24:37","slug":"subsidies","status":"publish","type":"page","link":"https:\/\/www.aira.es\/en\/subsidies\/","title":{"rendered":"Subsidies"},"content":{"rendered":"\t\t<div data-elementor-type=\"wp-page\" data-elementor-id=\"3464\" class=\"elementor elementor-3464 elementor-1906\" data-elementor-post-type=\"page\">\n\t\t\t\t<div class=\"elementor-element elementor-element-4ade991 e-flex e-con-boxed e-con e-parent\" data-id=\"4ade991\" data-element_type=\"container\" data-e-type=\"container\" data-settings=\"{&quot;background_background&quot;:&quot;classic&quot;}\">\n\t\t\t\t\t<div class=\"e-con-inner\">\n\t\t<div class=\"elementor-element elementor-element-82b15fa e-con-full e-flex e-con e-child\" data-id=\"82b15fa\" data-element_type=\"container\" data-e-type=\"container\">\n\t\t\t\t<div class=\"elementor-element elementor-element-53c265c elementor-widget elementor-widget-heading\" data-id=\"53c265c\" data-element_type=\"widget\" data-e-type=\"widget\" data-widget_type=\"heading.default\">\n\t\t\t\t<div class=\"elementor-widget-container\">\n\t\t\t\t\t<p class=\"elementor-heading-title elementor-size-default\">Subsidies<\/p>\t\t\t\t<\/div>\n\t\t\t\t<\/div>\n\t\t\t\t<\/div>\n\t\t\t\t\t<\/div>\n\t\t\t\t<\/div>\n\t\t<div class=\"elementor-element elementor-element-d9a5fcc e-flex e-con-boxed e-con e-parent\" data-id=\"d9a5fcc\" data-element_type=\"container\" data-e-type=\"container\">\n\t\t\t\t\t<div class=\"e-con-inner\">\n\t\t<div class=\"elementor-element elementor-element-d5a0dcc e-grid e-con-full e-con e-child\" data-id=\"d5a0dcc\" data-element_type=\"container\" data-e-type=\"container\">\n\t\t<div class=\"elementor-element elementor-element-55083de e-con-full e-flex e-con e-child\" data-id=\"55083de\" data-element_type=\"container\" data-e-type=\"container\">\n\t\t\t\t<div class=\"elementor-element elementor-element-f83cf7a elementor-widget elementor-widget-image\" data-id=\"f83cf7a\" data-element_type=\"widget\" data-e-type=\"widget\" data-widget_type=\"image.default\">\n\t\t\t\t<div class=\"elementor-widget-container\">\n\t\t\t\t\t\t\t\t\t\t\t\t\t\t\t<img decoding=\"async\" width=\"250\" height=\"129\" src=\"https:\/\/www.aira.es\/wp-content\/uploads\/2025\/10\/xunta-galicia-union-europea.jpg\" class=\"attachment-medium size-medium wp-image-3465\" alt=\"\" \/>\t\t\t\t\t\t\t\t\t\t\t\t\t\t\t<\/div>\n\t\t\t\t<\/div>\n\t\t\t\t<div class=\"elementor-element elementor-element-c28d0dc elementor-widget elementor-widget-text-editor\" data-id=\"c28d0dc\" data-element_type=\"widget\" data-e-type=\"widget\" data-widget_type=\"text-editor.default\">\n\t\t\t\t<div class=\"elementor-widget-container\">\n\t\t\t\t\t\t\t\t\t<h3>Igape Assistance<\/h3><p>This company was the beneficiary of a grant from IGAPE&#8217;s &#8220;Industry 4.0 digitalization&#8221; program, which aims to promote the digital transformation of the company and favor the growth and consolidation of SMEs, improving their financing, technology and access to advanced support services.<\/p>\t\t\t\t\t\t\t\t<\/div>\n\t\t\t\t<\/div>\n\t\t\t\t<\/div>\n\t\t<div class=\"elementor-element elementor-element-a75cd93 e-con-full e-flex e-con e-child\" data-id=\"a75cd93\" data-element_type=\"container\" data-e-type=\"container\">\n\t\t\t\t<div class=\"elementor-element elementor-element-18ebfc4 elementor-widget elementor-widget-image\" data-id=\"18ebfc4\" data-element_type=\"widget\" data-e-type=\"widget\" data-widget_type=\"image.default\">\n\t\t\t\t<div class=\"elementor-widget-container\">\n\t\t\t\t\t\t\t\t\t\t\t\t\t\t\t<img decoding=\"async\" width=\"250\" height=\"129\" src=\"https:\/\/www.aira.es\/wp-content\/uploads\/2025\/10\/xunta-galicia-union-europea2.jpg\" class=\"attachment-medium size-medium wp-image-3466\" alt=\"\" \/>\t\t\t\t\t\t\t\t\t\t\t\t\t\t\t<\/div>\n\t\t\t\t<\/div>\n\t\t\t\t<div class=\"elementor-element elementor-element-6c3fd9a elementor-widget elementor-widget-text-editor\" data-id=\"6c3fd9a\" data-element_type=\"widget\" data-e-type=\"widget\" data-widget_type=\"text-editor.default\">\n\t\t\t\t<div class=\"elementor-widget-container\">\n\t\t\t\t\t\t\t\t\t<h3>Heat Pump Project<\/h3><p>Geothermal heat pump project for offices at AIRA SCG.<\/p><p>Operation co-financed by the European Union<\/p><p>Galicia ERDF Operational Program 2014-2020<\/p><p>To achieve a cleaner and more sustainable economy<\/p><p><em>A way of making Europe<\/em><\/p>\t\t\t\t\t\t\t\t<\/div>\n\t\t\t\t<\/div>\n\t\t\t\t<\/div>\n\t\t<div class=\"elementor-element elementor-element-af52bef e-con-full e-flex e-con e-child\" data-id=\"af52bef\" data-element_type=\"container\" data-e-type=\"container\">\n\t\t\t\t<div class=\"elementor-element elementor-element-5be3968 elementor-widget elementor-widget-image\" data-id=\"5be3968\" data-element_type=\"widget\" data-e-type=\"widget\" data-widget_type=\"image.default\">\n\t\t\t\t<div class=\"elementor-widget-container\">\n\t\t\t\t\t\t\t\t\t\t\t\t\t\t\t<img decoding=\"async\" width=\"250\" height=\"129\" src=\"https:\/\/www.aira.es\/wp-content\/uploads\/2025\/10\/xunta-galicia-union-europea3.jpg\" class=\"attachment-medium size-medium wp-image-3467\" alt=\"\" \/>\t\t\t\t\t\t\t\t\t\t\t\t\t\t\t<\/div>\n\t\t\t\t<\/div>\n\t\t\t\t<div class=\"elementor-element elementor-element-6ebdc33 elementor-widget elementor-widget-text-editor\" data-id=\"6ebdc33\" data-element_type=\"widget\" data-e-type=\"widget\" data-widget_type=\"text-editor.default\">\n\t\t\t\t<div class=\"elementor-widget-container\">\n\t\t\t\t\t\t\t\t\t<h3>Provision of Advisory Services<\/h3><p>Project for the provision of advisory services to individuals or legal entities owning agricultural or livestock farms.<\/p><p>Investment: 240.000,00 \u20ac.<\/p><p>Public aid: 240.000,00 \u20ac.<\/p><p>Galicia Rural Development Program 2014-2020<\/p>\t\t\t\t\t\t\t\t<\/div>\n\t\t\t\t<\/div>\n\t\t\t\t<\/div>\n\t\t<div class=\"elementor-element elementor-element-428e729 e-con-full e-flex e-con e-child\" data-id=\"428e729\" data-element_type=\"container\" data-e-type=\"container\">\n\t\t\t\t<div class=\"elementor-element elementor-element-464db6e elementor-widget elementor-widget-image\" data-id=\"464db6e\" data-element_type=\"widget\" data-e-type=\"widget\" data-widget_type=\"image.default\">\n\t\t\t\t<div class=\"elementor-widget-container\">\n\t\t\t\t\t\t\t\t\t\t\t\t\t\t\t<img decoding=\"async\" width=\"250\" height=\"129\" src=\"https:\/\/www.aira.es\/wp-content\/uploads\/2025\/10\/xunta-galicia-union-europea2.jpg\" class=\"attachment-medium size-medium wp-image-3466\" alt=\"\" \/>\t\t\t\t\t\t\t\t\t\t\t\t\t\t\t<\/div>\n\t\t\t\t<\/div>\n\t\t\t\t<div class=\"elementor-element elementor-element-35e2b66 elementor-widget elementor-widget-text-editor\" data-id=\"35e2b66\" data-element_type=\"widget\" data-e-type=\"widget\" data-widget_type=\"text-editor.default\">\n\t\t\t\t<div class=\"elementor-widget-container\">\n\t\t\t\t\t\t\t\t\t<h3>Photovoltaic Energy Project<\/h3><p>This company was the beneficiary of a grant from INEGA, procedure code IN421S &#8220;Photovoltaic energy projects&#8221;, with the result of using renewable energy sources with reduced environmental impact in our branches in Pol, Taboada, Palas, Friol and San Julian (Sarria), achieving a series of environmental, economic, energy and social advantages.<\/p><p>Operation co-financed by the European Union<\/p><p>Galicia ERDF Operational Program 2014-2020<\/p><p>Achieving a cleaner and more sustainable economy<\/p><p><em>A way of making Europe<\/em><\/p>\t\t\t\t\t\t\t\t<\/div>\n\t\t\t\t<\/div>\n\t\t\t\t<\/div>\n\t\t<div class=\"elementor-element elementor-element-03ad28e e-con-full e-flex e-con e-child\" data-id=\"03ad28e\" data-element_type=\"container\" data-e-type=\"container\">\n\t\t\t\t<div class=\"elementor-element elementor-element-28afdb7 elementor-widget elementor-widget-image\" data-id=\"28afdb7\" data-element_type=\"widget\" data-e-type=\"widget\" data-widget_type=\"image.default\">\n\t\t\t\t<div class=\"elementor-widget-container\">\n\t\t\t\t\t\t\t\t\t\t\t\t\t\t\t<img decoding=\"async\" width=\"250\" height=\"129\" src=\"https:\/\/www.aira.es\/wp-content\/uploads\/2025\/10\/xunta-galicia-union-europea3.jpg\" class=\"attachment-medium size-medium wp-image-3467\" alt=\"\" \/>\t\t\t\t\t\t\t\t\t\t\t\t\t\t\t<\/div>\n\t\t\t\t<\/div>\n\t\t\t\t<div class=\"elementor-element elementor-element-28304c0 elementor-widget elementor-widget-text-editor\" data-id=\"28304c0\" data-element_type=\"widget\" data-e-type=\"widget\" data-widget_type=\"text-editor.default\">\n\t\t\t\t<div class=\"elementor-widget-container\">\n\t\t\t\t\t\t\t\t\t<h3>Technological Improvements<\/h3><p>Technological improvements in feed mills project<\/p><p>Investment: 107,843.20 \u20ac.<\/p><p>Public aid: 37,745.12 \u20ac.<\/p><p>Europe invests in rural areas program<\/p>\t\t\t\t\t\t\t\t<\/div>\n\t\t\t\t<\/div>\n\t\t\t\t<\/div>\n\t\t<div class=\"elementor-element elementor-element-29bd844 e-con-full e-flex e-con e-child\" data-id=\"29bd844\" data-element_type=\"container\" data-e-type=\"container\">\n\t\t\t\t<div class=\"elementor-element elementor-element-eb4812c elementor-widget elementor-widget-image\" data-id=\"eb4812c\" data-element_type=\"widget\" data-e-type=\"widget\" data-widget_type=\"image.default\">\n\t\t\t\t<div class=\"elementor-widget-container\">\n\t\t\t\t\t\t\t\t\t\t\t\t\t\t\t<img decoding=\"async\" width=\"250\" height=\"129\" src=\"https:\/\/www.aira.es\/wp-content\/uploads\/2025\/10\/xunta-galicia-union-europea3.jpg\" class=\"attachment-medium size-medium wp-image-3467\" alt=\"\" \/>\t\t\t\t\t\t\t\t\t\t\t\t\t\t\t<\/div>\n\t\t\t\t<\/div>\n\t\t\t\t<div class=\"elementor-element elementor-element-04d9ed8 elementor-widget elementor-widget-text-editor\" data-id=\"04d9ed8\" data-element_type=\"widget\" data-e-type=\"widget\" data-widget_type=\"text-editor.default\">\n\t\t\t\t<div class=\"elementor-widget-container\">\n\t\t\t\t\t\t\t\t\t<h3>Technological Improvements<\/h3><p>Technological improvements in feed mills project<\/p><p>Investment: 823,912.67 \u20ac.<\/p><p>Public aid: 288,369.43 \u20ac.<\/p><p>Europe invests in rural areas program<\/p>\t\t\t\t\t\t\t\t<\/div>\n\t\t\t\t<\/div>\n\t\t\t\t<\/div>\n\t\t<div class=\"elementor-element elementor-element-2f54cc9 e-con-full e-flex e-con e-child\" data-id=\"2f54cc9\" data-element_type=\"container\" data-e-type=\"container\">\n\t\t\t\t<div class=\"elementor-element elementor-element-0044fe9 elementor-widget elementor-widget-image\" data-id=\"0044fe9\" data-element_type=\"widget\" data-e-type=\"widget\" data-widget_type=\"image.default\">\n\t\t\t\t<div class=\"elementor-widget-container\">\n\t\t\t\t\t\t\t\t\t\t\t\t\t\t\t<img decoding=\"async\" width=\"250\" height=\"129\" src=\"https:\/\/www.aira.es\/wp-content\/uploads\/2025\/10\/xunta-galicia-union-europea3.jpg\" class=\"attachment-medium size-medium wp-image-3467\" alt=\"\" \/>\t\t\t\t\t\t\t\t\t\t\t\t\t\t\t<\/div>\n\t\t\t\t<\/div>\n\t\t\t\t<div class=\"elementor-element elementor-element-460e1cd elementor-widget elementor-widget-text-editor\" data-id=\"460e1cd\" data-element_type=\"widget\" data-e-type=\"widget\" data-widget_type=\"text-editor.default\">\n\t\t\t\t<div class=\"elementor-widget-container\">\n\t\t\t\t\t\t\t\t\t<h3>Technological Improvements<\/h3><p>Technology Improvement Project L-44-PDR-22<\/p><p>Investment: 1.630.004,76 \u20ac.<\/p><p>Public assistance: 570,501.67 \u20ac.<\/p><p>Europe invests in rural areas program<\/p>\t\t\t\t\t\t\t\t<\/div>\n\t\t\t\t<\/div>\n\t\t\t\t<\/div>\n\t\t<div class=\"elementor-element elementor-element-8db4862 e-con-full e-flex e-con e-child\" data-id=\"8db4862\" data-element_type=\"container\" data-e-type=\"container\">\n\t\t\t\t<div class=\"elementor-element elementor-element-800eb1a elementor-widget elementor-widget-image\" data-id=\"800eb1a\" data-element_type=\"widget\" data-e-type=\"widget\" data-widget_type=\"image.default\">\n\t\t\t\t<div class=\"elementor-widget-container\">\n\t\t\t\t\t\t\t\t\t\t\t\t\t\t\t<img loading=\"lazy\" decoding=\"async\" width=\"300\" height=\"122\" src=\"https:\/\/www.aira.es\/wp-content\/uploads\/2025\/10\/xunta-igualdade-sepe-300x122.png\" class=\"attachment-medium size-medium wp-image-3468\" alt=\"\" srcset=\"https:\/\/www.aira.es\/wp-content\/uploads\/2025\/10\/xunta-igualdade-sepe-300x122.png 300w, https:\/\/www.aira.es\/wp-content\/uploads\/2025\/10\/xunta-igualdade-sepe.png 318w\" sizes=\"(max-width: 300px) 100vw, 300px\" \/>\t\t\t\t\t\t\t\t\t\t\t\t\t\t\t<\/div>\n\t\t\t\t<\/div>\n\t\t\t\t<div class=\"elementor-element elementor-element-d6d9b3b elementor-widget elementor-widget-text-editor\" data-id=\"d6d9b3b\" data-element_type=\"widget\" data-e-type=\"widget\" data-widget_type=\"text-editor.default\">\n\t\t\t\t<div class=\"elementor-widget-container\">\n\t\t\t\t\t\t\t\t\t<h3>Agricultural Machinery<\/h3><p>Project PURCHASE OF AGRICULTURAL MACHINERY<\/p><p>Investment: 600,287.60 \u20ac.<\/p><p>Public aid: \u20ac300,000<\/p><p>Promotion of the use of associative agricultural machinery in Galicia.<\/p>\t\t\t\t\t\t\t\t<\/div>\n\t\t\t\t<\/div>\n\t\t\t\t<\/div>\n\t\t<div class=\"elementor-element elementor-element-ba62932 e-con-full e-flex e-con e-child\" data-id=\"ba62932\" data-element_type=\"container\" data-e-type=\"container\">\n\t\t\t\t<div class=\"elementor-element elementor-element-adca2fd elementor-widget elementor-widget-image\" data-id=\"adca2fd\" data-element_type=\"widget\" data-e-type=\"widget\" data-widget_type=\"image.default\">\n\t\t\t\t<div class=\"elementor-widget-container\">\n\t\t\t\t\t\t\t\t\t\t\t\t\t\t\t<img loading=\"lazy\" decoding=\"async\" width=\"300\" height=\"122\" src=\"https:\/\/www.aira.es\/wp-content\/uploads\/2025\/10\/xunta-igualdade-sepe-300x122.png\" class=\"attachment-medium size-medium wp-image-3468\" alt=\"\" srcset=\"https:\/\/www.aira.es\/wp-content\/uploads\/2025\/10\/xunta-igualdade-sepe-300x122.png 300w, https:\/\/www.aira.es\/wp-content\/uploads\/2025\/10\/xunta-igualdade-sepe.png 318w\" sizes=\"(max-width: 300px) 100vw, 300px\" \/>\t\t\t\t\t\t\t\t\t\t\t\t\t\t\t<\/div>\n\t\t\t\t<\/div>\n\t\t\t\t<div class=\"elementor-element elementor-element-5c27da9 elementor-widget elementor-widget-text-editor\" data-id=\"5c27da9\" data-element_type=\"widget\" data-e-type=\"widget\" data-widget_type=\"text-editor.default\">\n\t\t\t\t<div class=\"elementor-widget-container\">\n\t\t\t\t\t\t\t\t\t<h3>Social Economy 2021<\/h3><p>CONSOLIDATES SOCIAL ECONOMY BONUS Program<\/p><p>Operation subsidized by the Conseller\u00eda de Emprego e Igualdade and financed by the Servicio P\u00fablico de Emplego Estatal.<\/p>\t\t\t\t\t\t\t\t<\/div>\n\t\t\t\t<\/div>\n\t\t\t\t<\/div>\n\t\t<div class=\"elementor-element elementor-element-97241fe e-con-full e-flex e-con e-child\" data-id=\"97241fe\" data-element_type=\"container\" data-e-type=\"container\">\n\t\t\t\t<div class=\"elementor-element elementor-element-4a54b81 elementor-widget elementor-widget-image\" data-id=\"4a54b81\" data-element_type=\"widget\" data-e-type=\"widget\" data-widget_type=\"image.default\">\n\t\t\t\t<div class=\"elementor-widget-container\">\n\t\t\t\t\t\t\t\t\t\t\t\t\t\t\t<img loading=\"lazy\" decoding=\"async\" width=\"300\" height=\"122\" src=\"https:\/\/www.aira.es\/wp-content\/uploads\/2025\/10\/xunta-igualdade-sepe-no-xacobeo-300x122.png\" class=\"attachment-medium size-medium wp-image-3469\" alt=\"\" srcset=\"https:\/\/www.aira.es\/wp-content\/uploads\/2025\/10\/xunta-igualdade-sepe-no-xacobeo-300x122.png 300w, https:\/\/www.aira.es\/wp-content\/uploads\/2025\/10\/xunta-igualdade-sepe-no-xacobeo.png 318w\" sizes=\"(max-width: 300px) 100vw, 300px\" \/>\t\t\t\t\t\t\t\t\t\t\t\t\t\t\t<\/div>\n\t\t\t\t<\/div>\n\t\t\t\t<div class=\"elementor-element elementor-element-8a229ea elementor-widget elementor-widget-text-editor\" data-id=\"8a229ea\" data-element_type=\"widget\" data-e-type=\"widget\" data-widget_type=\"text-editor.default\">\n\t\t\t\t<div class=\"elementor-widget-container\">\n\t\t\t\t\t\t\t\t\t<h3>Social Economy 2024<\/h3><p>CONSOLIDATES SOCIAL ECONOMY BONUS Program<\/p><p>Operation subsidized by the Conseller\u00eda de Emprego e Igualdade and financed by the Servicio P\u00fablico de Emplego Estatal.<\/p>\t\t\t\t\t\t\t\t<\/div>\n\t\t\t\t<\/div>\n\t\t\t\t<\/div>\n\t\t<div class=\"elementor-element elementor-element-b74b1ec e-con-full e-flex e-con e-child\" data-id=\"b74b1ec\" data-element_type=\"container\" data-e-type=\"container\">\n\t\t\t\t<div class=\"elementor-element elementor-element-583b225 elementor-widget elementor-widget-image\" data-id=\"583b225\" data-element_type=\"widget\" data-e-type=\"widget\" data-widget_type=\"image.default\">\n\t\t\t\t<div class=\"elementor-widget-container\">\n\t\t\t\t\t\t\t\t\t\t\t\t\t\t\t<img loading=\"lazy\" decoding=\"async\" width=\"300\" height=\"122\" src=\"https:\/\/www.aira.es\/wp-content\/uploads\/2025\/10\/xunta-igualdade-sepe-300x122.png\" class=\"attachment-medium size-medium wp-image-3468\" alt=\"\" srcset=\"https:\/\/www.aira.es\/wp-content\/uploads\/2025\/10\/xunta-igualdade-sepe-300x122.png 300w, https:\/\/www.aira.es\/wp-content\/uploads\/2025\/10\/xunta-igualdade-sepe.png 318w\" sizes=\"(max-width: 300px) 100vw, 300px\" \/>\t\t\t\t\t\t\t\t\t\t\t\t\t\t\t<\/div>\n\t\t\t\t<\/div>\n\t\t\t\t<div class=\"elementor-element elementor-element-899fc2c elementor-widget elementor-widget-text-editor\" data-id=\"899fc2c\" data-element_type=\"widget\" data-e-type=\"widget\" data-widget_type=\"text-editor.default\">\n\t\t\t\t<div class=\"elementor-widget-container\">\n\t\t\t\t\t\t\t\t\t<h3>Broadband service in Mes\u00eda<\/h3><p>Subsidies to isolated companies in rural areas for contracting ultrafast broadband services<\/p><p>Investment: 6.240,00 \u20ac.<\/p><p>Public aid: 4.867,20 \u20ac.<\/p>\t\t\t\t\t\t\t\t<\/div>\n\t\t\t\t<\/div>\n\t\t\t\t<\/div>\n\t\t<div class=\"elementor-element elementor-element-96537a1 e-con-full e-flex e-con e-child\" data-id=\"96537a1\" data-element_type=\"container\" data-e-type=\"container\">\n\t\t\t\t<div class=\"elementor-element elementor-element-65ef039 elementor-widget elementor-widget-image\" data-id=\"65ef039\" data-element_type=\"widget\" data-e-type=\"widget\" data-widget_type=\"image.default\">\n\t\t\t\t<div class=\"elementor-widget-container\">\n\t\t\t\t\t\t\t\t\t\t\t\t\t\t\t<img loading=\"lazy\" decoding=\"async\" width=\"300\" height=\"103\" src=\"https:\/\/www.aira.es\/wp-content\/uploads\/2025\/10\/Logos-Trac-Plus-2022-300x103.jpg\" class=\"attachment-medium size-medium wp-image-3470\" alt=\"\" srcset=\"https:\/\/www.aira.es\/wp-content\/uploads\/2025\/10\/Logos-Trac-Plus-2022-300x103.jpg 300w, https:\/\/www.aira.es\/wp-content\/uploads\/2025\/10\/Logos-Trac-Plus-2022.jpg 318w\" sizes=\"(max-width: 300px) 100vw, 300px\" \/>\t\t\t\t\t\t\t\t\t\t\t\t\t\t\t<\/div>\n\t\t\t\t<\/div>\n\t\t\t\t<div class=\"elementor-element elementor-element-376c498 elementor-widget elementor-widget-text-editor\" data-id=\"376c498\" data-element_type=\"widget\" data-e-type=\"widget\" data-widget_type=\"text-editor.default\">\n\t\t\t\t<div class=\"elementor-widget-container\">\n\t\t\t\t\t\t\t\t\t<h3>TRAC PLUS Project<\/h3><p>Development of artificial intelligence technology based on big data tools and its protection under blockchain in the dairy sector, to obtain complete traceability from farm to table and the development of a technical-economic advice tool.<\/p><p>Investment: 391,895 \u20ac.<\/p><p>Public aid: 156,758.08\u20ac.<\/p><p>Project subsidized by the Ministry of Economic Affairs and Digital Transformation within the Red.es call for proposals.<\/p>\t\t\t\t\t\t\t\t<\/div>\n\t\t\t\t<\/div>\n\t\t\t\t<\/div>\n\t\t<div class=\"elementor-element elementor-element-bb2e42f e-con-full e-flex e-con e-child\" data-id=\"bb2e42f\" data-element_type=\"container\" data-e-type=\"container\">\n\t\t\t\t<div class=\"elementor-element elementor-element-ce5a338 elementor-widget elementor-widget-image\" data-id=\"ce5a338\" data-element_type=\"widget\" data-e-type=\"widget\" data-widget_type=\"image.default\">\n\t\t\t\t<div class=\"elementor-widget-container\">\n\t\t\t\t\t\t\t\t\t\t\t\t\t\t\t<img loading=\"lazy\" decoding=\"async\" width=\"183\" height=\"129\" src=\"https:\/\/www.aira.es\/wp-content\/uploads\/2025\/10\/inversion_maquinaria_asociativa.png\" class=\"attachment-medium size-medium wp-image-3471\" alt=\"\" \/>\t\t\t\t\t\t\t\t\t\t\t\t\t\t\t<\/div>\n\t\t\t\t<\/div>\n\t\t\t\t<div class=\"elementor-element elementor-element-1db37ed elementor-widget elementor-widget-text-editor\" data-id=\"1db37ed\" data-element_type=\"widget\" data-e-type=\"widget\" data-widget_type=\"text-editor.default\">\n\t\t\t\t<div class=\"elementor-widget-container\">\n\t\t\t\t\t\t\t\t\t<h3>Agricultural Machinery<\/h3><p>Project: INVESTMENT IN AGRICULTURAL MACHINERY IN ASSOCIATIVE SYSTEMS<\/p><p>Investment: \u20ac580,468<\/p><p>Public aid: 290,234 \u20ac.<\/p><p>Promotion of the use of associative agricultural machinery in Galicia.<\/p>\t\t\t\t\t\t\t\t<\/div>\n\t\t\t\t<\/div>\n\t\t\t\t<\/div>\n\t\t<div class=\"elementor-element elementor-element-7f2af87 e-con-full e-flex e-con e-child\" data-id=\"7f2af87\" data-element_type=\"container\" data-e-type=\"container\">\n\t\t\t\t<div class=\"elementor-element elementor-element-57ddc7a elementor-widget elementor-widget-image\" data-id=\"57ddc7a\" data-element_type=\"widget\" data-e-type=\"widget\" data-widget_type=\"image.default\">\n\t\t\t\t<div class=\"elementor-widget-container\">\n\t\t\t\t\t\t\t\t\t\t\t\t\t\t\t<img loading=\"lazy\" decoding=\"async\" width=\"183\" height=\"129\" src=\"https:\/\/www.aira.es\/wp-content\/uploads\/2025\/10\/inversion_maquinaria_asociativa.png\" class=\"attachment-medium size-medium wp-image-3471\" alt=\"\" \/>\t\t\t\t\t\t\t\t\t\t\t\t\t\t\t<\/div>\n\t\t\t\t<\/div>\n\t\t\t\t<div class=\"elementor-element elementor-element-0ccf864 elementor-widget elementor-widget-text-editor\" data-id=\"0ccf864\" data-element_type=\"widget\" data-e-type=\"widget\" data-widget_type=\"text-editor.default\">\n\t\t\t\t<div class=\"elementor-widget-container\">\n\t\t\t\t\t\t\t\t\t<h3>Agricultural Machinery<\/h3><p>Project: INVESTMENT IN AGRICULTURAL MACHINERY IN ASSOCIATIVE SYSTEMS<\/p><p>Investment: 600,702.48 \u20ac.<\/p><p>Public aid: \u20ac300,000<\/p><p>Promotion of the use of associative agricultural machinery in Galicia.<\/p>\t\t\t\t\t\t\t\t<\/div>\n\t\t\t\t<\/div>\n\t\t\t\t<\/div>\n\t\t<div class=\"elementor-element elementor-element-f5aac7f e-con-full e-flex e-con e-child\" data-id=\"f5aac7f\" data-element_type=\"container\" data-e-type=\"container\">\n\t\t\t\t<div class=\"elementor-element elementor-element-bbc2b29 elementor-widget elementor-widget-image\" data-id=\"bbc2b29\" data-element_type=\"widget\" data-e-type=\"widget\" data-widget_type=\"image.default\">\n\t\t\t\t<div class=\"elementor-widget-container\">\n\t\t\t\t\t\t\t\t\t\t\t\t\t\t\t<img loading=\"lazy\" decoding=\"async\" width=\"183\" height=\"129\" src=\"https:\/\/www.aira.es\/wp-content\/uploads\/2025\/10\/CARTEL-L24PDR23.jpg\" class=\"attachment-medium size-medium wp-image-3472\" alt=\"\" \/>\t\t\t\t\t\t\t\t\t\t\t\t\t\t\t<\/div>\n\t\t\t\t<\/div>\n\t\t\t\t<div class=\"elementor-element elementor-element-ef74d14 elementor-widget elementor-widget-text-editor\" data-id=\"ef74d14\" data-element_type=\"widget\" data-e-type=\"widget\" data-widget_type=\"text-editor.default\">\n\t\t\t\t<div class=\"elementor-widget-container\">\n\t\t\t\t\t\t\t\t\t<h3>Technological improvements<\/h3><p>Technological improvements project at the Feed Mill (L-24-PDR-23)<\/p><p>Investment: 454,041.80 \u20ac.<\/p><p>Public aid: 136,212.54 \u20ac.<\/p><p>EU co-financing: 81,727.25 \u20ac (60%)<\/p>\t\t\t\t\t\t\t\t<\/div>\n\t\t\t\t<\/div>\n\t\t\t\t<\/div>\n\t\t<div class=\"elementor-element elementor-element-f979f69 e-con-full e-flex e-con e-child\" data-id=\"f979f69\" data-element_type=\"container\" data-e-type=\"container\">\n\t\t\t\t<div class=\"elementor-element elementor-element-b55d2c6 elementor-widget elementor-widget-image\" data-id=\"b55d2c6\" data-element_type=\"widget\" data-e-type=\"widget\" data-widget_type=\"image.default\">\n\t\t\t\t<div class=\"elementor-widget-container\">\n\t\t\t\t\t\t\t\t\t\t\t\t\t\t\t<img loading=\"lazy\" decoding=\"async\" width=\"217\" height=\"129\" src=\"https:\/\/www.aira.es\/wp-content\/uploads\/2025\/10\/MOVESIII_PlacaInega_AIRA-CHANTADA.jpg\" class=\"attachment-medium size-medium wp-image-3473\" alt=\"\" \/>\t\t\t\t\t\t\t\t\t\t\t\t\t\t\t<\/div>\n\t\t\t\t<\/div>\n\t\t\t\t<div class=\"elementor-element elementor-element-ed18fd4 elementor-widget elementor-widget-text-editor\" data-id=\"ed18fd4\" data-element_type=\"widget\" data-e-type=\"widget\" data-widget_type=\"text-editor.default\">\n\t\t\t\t<div class=\"elementor-widget-container\">\n\t\t\t\t\t\t\t\t\t<h3>Electric Mobility<\/h3><p>State Incentive Program for Electric Mobility (Moves III Program)<br>Implementation of electric vehicle charging infrastructure in AIRA Chantada.<br>Financed by the European Union Next Generation UE<br>Public aid: 1.511,46 \u20ac.<\/p>\t\t\t\t\t\t\t\t<\/div>\n\t\t\t\t<\/div>\n\t\t\t\t<\/div>\n\t\t<div class=\"elementor-element elementor-element-5f9c8aa e-con-full e-flex e-con e-child\" data-id=\"5f9c8aa\" data-element_type=\"container\" data-e-type=\"container\">\n\t\t\t\t<div class=\"elementor-element elementor-element-46abdc9 elementor-widget elementor-widget-image\" data-id=\"46abdc9\" data-element_type=\"widget\" data-e-type=\"widget\" data-widget_type=\"image.default\">\n\t\t\t\t<div class=\"elementor-widget-container\">\n\t\t\t\t\t\t\t\t\t\t\t\t\t\t\t<img loading=\"lazy\" decoding=\"async\" width=\"300\" height=\"213\" src=\"https:\/\/www.aira.es\/wp-content\/uploads\/2025\/10\/Subvencion-axuda-maquinaria-agricola-2025-768x544-1-300x213.png\" class=\"attachment-medium size-medium wp-image-3474\" alt=\"\" srcset=\"https:\/\/www.aira.es\/wp-content\/uploads\/2025\/10\/Subvencion-axuda-maquinaria-agricola-2025-768x544-1-300x213.png 300w, https:\/\/www.aira.es\/wp-content\/uploads\/2025\/10\/Subvencion-axuda-maquinaria-agricola-2025-768x544-1.png 768w\" sizes=\"(max-width: 300px) 100vw, 300px\" \/>\t\t\t\t\t\t\t\t\t\t\t\t\t\t\t<\/div>\n\t\t\t\t<\/div>\n\t\t\t\t<div class=\"elementor-element elementor-element-dd163f8 elementor-widget elementor-widget-text-editor\" data-id=\"dd163f8\" data-element_type=\"widget\" data-e-type=\"widget\" data-widget_type=\"text-editor.default\">\n\t\t\t\t<div class=\"elementor-widget-container\">\n\t\t\t\t\t\t\t\t\t<h3>Agricultural Machinery<\/h3><p>Project PURCHASE OF AGRICULTURAL MACHINERY<\/p><p>Investment: \u20ac602,000<\/p><p>Public aid: \u20ac300,000<\/p><p>Promotion of the use of agricultural machinery in associative regime in Galicia. Funded 100% through the European Union&#8217;s recovery instrument (EURI) under the RDP 2014-2020. <\/p>\t\t\t\t\t\t\t\t<\/div>\n\t\t\t\t<\/div>\n\t\t\t\t<\/div>\n\t\t<div class=\"elementor-element elementor-element-36b6fd5 e-con-full e-flex e-con e-child\" data-id=\"36b6fd5\" data-element_type=\"container\" data-e-type=\"container\">\n\t\t\t\t<div class=\"elementor-element elementor-element-d1de53e elementor-widget elementor-widget-image\" data-id=\"d1de53e\" data-element_type=\"widget\" data-e-type=\"widget\" data-widget_type=\"image.default\">\n\t\t\t\t<div class=\"elementor-widget-container\">\n\t\t\t\t\t\t\t\t\t\t\t\t\t\t\t<img loading=\"lazy\" decoding=\"async\" width=\"300\" height=\"212\" src=\"https:\/\/www.aira.es\/wp-content\/uploads\/2025\/10\/Programa-incentivos-a-contratacion-scaled-1-300x212.jpg\" class=\"attachment-medium size-medium wp-image-3475\" alt=\"\" srcset=\"https:\/\/www.aira.es\/wp-content\/uploads\/2025\/10\/Programa-incentivos-a-contratacion-scaled-1-300x212.jpg 300w, https:\/\/www.aira.es\/wp-content\/uploads\/2025\/10\/Programa-incentivos-a-contratacion-scaled-1-1024x724.jpg 1024w, https:\/\/www.aira.es\/wp-content\/uploads\/2025\/10\/Programa-incentivos-a-contratacion-scaled-1-768x543.jpg 768w, https:\/\/www.aira.es\/wp-content\/uploads\/2025\/10\/Programa-incentivos-a-contratacion-scaled-1-1536x1086.jpg 1536w, https:\/\/www.aira.es\/wp-content\/uploads\/2025\/10\/Programa-incentivos-a-contratacion-scaled-1-2048x1448.jpg 2048w\" sizes=\"(max-width: 300px) 100vw, 300px\" \/>\t\t\t\t\t\t\t\t\t\t\t\t\t\t\t<\/div>\n\t\t\t\t<\/div>\n\t\t\t\t<div class=\"elementor-element elementor-element-9277e0e elementor-widget elementor-widget-text-editor\" data-id=\"9277e0e\" data-element_type=\"widget\" data-e-type=\"widget\" data-widget_type=\"text-editor.default\">\n\t\t\t\t<div class=\"elementor-widget-container\">\n\t\t\t\t\t\t\t\t\t<h3>Hiring<\/h3><p>Galicia Emprega. Incentive program for the hiring of employees [TR342C] with the collaboration of the Xunta de Galicia and the Ministry of Labor and Social Economy. <\/p>\t\t\t\t\t\t\t\t<\/div>\n\t\t\t\t<\/div>\n\t\t\t\t<\/div>\n\t\t<div class=\"elementor-element elementor-element-49a4710 e-con-full e-flex e-con e-child\" data-id=\"49a4710\" data-element_type=\"container\" data-e-type=\"container\">\n\t\t\t\t<div class=\"elementor-element elementor-element-b7a71f6 elementor-widget elementor-widget-image\" data-id=\"b7a71f6\" data-element_type=\"widget\" data-e-type=\"widget\" data-widget_type=\"image.default\">\n\t\t\t\t<div class=\"elementor-widget-container\">\n\t\t\t\t\t\t\t\t\t\t\t\t\t\t\t<img loading=\"lazy\" decoding=\"async\" width=\"300\" height=\"213\" src=\"https:\/\/www.aira.es\/wp-content\/uploads\/2025\/10\/Subvencion-axuda-maquinaria-agricola-2025-768x544-1-300x213.png\" class=\"attachment-medium size-medium wp-image-3474\" alt=\"\" srcset=\"https:\/\/www.aira.es\/wp-content\/uploads\/2025\/10\/Subvencion-axuda-maquinaria-agricola-2025-768x544-1-300x213.png 300w, https:\/\/www.aira.es\/wp-content\/uploads\/2025\/10\/Subvencion-axuda-maquinaria-agricola-2025-768x544-1.png 768w\" sizes=\"(max-width: 300px) 100vw, 300px\" \/>\t\t\t\t\t\t\t\t\t\t\t\t\t\t\t<\/div>\n\t\t\t\t<\/div>\n\t\t\t\t<div class=\"elementor-element elementor-element-d450165 elementor-widget elementor-widget-text-editor\" data-id=\"d450165\" data-element_type=\"widget\" data-e-type=\"widget\" data-widget_type=\"text-editor.default\">\n\t\t\t\t<div class=\"elementor-widget-container\">\n\t\t\t\t\t\t\t\t\t<h3>Agricultural Machinery<\/h3><p>Investment in associative agricultural machinery.<br>Budget: 255,000 \u20ac.<\/p><p>Public aid: 125,000 \u20ac.<\/p><p>Funded 100% through the European Union&#8217;s recovery instrument (EURI) under the Galician Rural Development Program 2014-2020.Europe invests in rural areas.<\/p>\t\t\t\t\t\t\t\t<\/div>\n\t\t\t\t<\/div>\n\t\t\t\t<\/div>\n\t\t<div class=\"elementor-element elementor-element-eb9f6d7 e-con-full e-flex e-con e-child\" data-id=\"eb9f6d7\" data-element_type=\"container\" data-e-type=\"container\">\n\t\t\t\t<div class=\"elementor-element elementor-element-a8ae41b elementor-widget elementor-widget-image\" data-id=\"a8ae41b\" data-element_type=\"widget\" data-e-type=\"widget\" data-widget_type=\"image.default\">\n\t\t\t\t<div class=\"elementor-widget-container\">\n\t\t\t\t\t\t\t\t\t\t\t\t\t\t\t<img loading=\"lazy\" decoding=\"async\" width=\"300\" height=\"200\" src=\"https:\/\/www.aira.es\/wp-content\/uploads\/2025\/10\/LETREIRO-PUBLICIDADE-300x200.jpg\" class=\"attachment-medium size-medium wp-image-3476\" alt=\"\" srcset=\"https:\/\/www.aira.es\/wp-content\/uploads\/2025\/10\/LETREIRO-PUBLICIDADE-300x200.jpg 300w, https:\/\/www.aira.es\/wp-content\/uploads\/2025\/10\/LETREIRO-PUBLICIDADE-1024x682.jpg 1024w, https:\/\/www.aira.es\/wp-content\/uploads\/2025\/10\/LETREIRO-PUBLICIDADE-768x512.jpg 768w, https:\/\/www.aira.es\/wp-content\/uploads\/2025\/10\/LETREIRO-PUBLICIDADE-1536x1023.jpg 1536w, https:\/\/www.aira.es\/wp-content\/uploads\/2025\/10\/LETREIRO-PUBLICIDADE.jpg 1600w\" sizes=\"(max-width: 300px) 100vw, 300px\" \/>\t\t\t\t\t\t\t\t\t\t\t\t\t\t\t<\/div>\n\t\t\t\t<\/div>\n\t\t\t\t<div class=\"elementor-element elementor-element-5c9c2a3 elementor-widget elementor-widget-text-editor\" data-id=\"5c9c2a3\" data-element_type=\"widget\" data-e-type=\"widget\" data-widget_type=\"text-editor.default\">\n\t\t\t\t<div class=\"elementor-widget-container\">\n\t\t\t\t\t\t\t\t\t<h3>Advisory services<\/h3><p>Presentation of advisory services to agricultural or livestock farms.<br>Budget: 213,200 \u20ac.<\/p><p>Public aid: 213,200 \u20ac.<\/p><p>European Agricultural Fund for Rural Development (EAFRD). Strategic Plan for the Common Agricultural Policy 2023-2027. <\/p>\t\t\t\t\t\t\t\t<\/div>\n\t\t\t\t<\/div>\n\t\t\t\t<\/div>\n\t\t<div class=\"elementor-element elementor-element-c02cdc6 e-con-full e-flex e-con e-child\" data-id=\"c02cdc6\" data-element_type=\"container\" data-e-type=\"container\">\n\t\t\t\t<div class=\"elementor-element elementor-element-4856ac2 elementor-widget elementor-widget-image\" data-id=\"4856ac2\" data-element_type=\"widget\" data-e-type=\"widget\" data-widget_type=\"image.default\">\n\t\t\t\t<div class=\"elementor-widget-container\">\n\t\t\t\t\t\t\t\t\t\t\t\t\t\t\t<img loading=\"lazy\" decoding=\"async\" width=\"300\" height=\"213\" src=\"https:\/\/www.aira.es\/wp-content\/uploads\/2025\/10\/Subvencion-axuda-maquinaria-agricola-2025-768x544-1-300x213.png\" class=\"attachment-medium size-medium wp-image-3474\" alt=\"\" srcset=\"https:\/\/www.aira.es\/wp-content\/uploads\/2025\/10\/Subvencion-axuda-maquinaria-agricola-2025-768x544-1-300x213.png 300w, https:\/\/www.aira.es\/wp-content\/uploads\/2025\/10\/Subvencion-axuda-maquinaria-agricola-2025-768x544-1.png 768w\" sizes=\"(max-width: 300px) 100vw, 300px\" \/>\t\t\t\t\t\t\t\t\t\t\t\t\t\t\t<\/div>\n\t\t\t\t<\/div>\n\t\t\t\t<div class=\"elementor-element elementor-element-49ed6b8 elementor-widget elementor-widget-text-editor\" data-id=\"49ed6b8\" data-element_type=\"widget\" data-e-type=\"widget\" data-widget_type=\"text-editor.default\">\n\t\t\t\t<div class=\"elementor-widget-container\">\n\t\t\t\t\t\t\t\t\t<h3>Agricultural Machinery<\/h3><p>Investments in agricultural machinery in associative regime.<\/p><p>Budget: \u20ac580,468<\/p><p>Public aid: 290,234 \u20ac.<\/p><p>Financed 100% through the European Union&#8217;s recovery instrument (euri) under the RDP 2014-2020.<\/p>\t\t\t\t\t\t\t\t<\/div>\n\t\t\t\t<\/div>\n\t\t\t\t<\/div>\n\t\t<div class=\"elementor-element elementor-element-47a9687 e-con-full e-flex e-con e-child\" data-id=\"47a9687\" data-element_type=\"container\" data-e-type=\"container\">\n\t\t\t\t<div class=\"elementor-element elementor-element-690751f elementor-widget elementor-widget-image\" data-id=\"690751f\" data-element_type=\"widget\" data-e-type=\"widget\" data-widget_type=\"image.default\">\n\t\t\t\t<div class=\"elementor-widget-container\">\n\t\t\t\t\t\t\t\t\t\t\t\t\t\t\t<img loading=\"lazy\" decoding=\"async\" width=\"300\" height=\"200\" src=\"https:\/\/www.aira.es\/wp-content\/uploads\/2025\/10\/LETREIRO-PUBLICIDADE-300x200.jpg\" class=\"attachment-medium size-medium wp-image-3476\" alt=\"\" srcset=\"https:\/\/www.aira.es\/wp-content\/uploads\/2025\/10\/LETREIRO-PUBLICIDADE-300x200.jpg 300w, https:\/\/www.aira.es\/wp-content\/uploads\/2025\/10\/LETREIRO-PUBLICIDADE-1024x682.jpg 1024w, https:\/\/www.aira.es\/wp-content\/uploads\/2025\/10\/LETREIRO-PUBLICIDADE-768x512.jpg 768w, https:\/\/www.aira.es\/wp-content\/uploads\/2025\/10\/LETREIRO-PUBLICIDADE-1536x1023.jpg 1536w, https:\/\/www.aira.es\/wp-content\/uploads\/2025\/10\/LETREIRO-PUBLICIDADE.jpg 1600w\" sizes=\"(max-width: 300px) 100vw, 300px\" \/>\t\t\t\t\t\t\t\t\t\t\t\t\t\t\t<\/div>\n\t\t\t\t<\/div>\n\t\t\t\t<div class=\"elementor-element elementor-element-f97e93a elementor-widget elementor-widget-text-editor\" data-id=\"f97e93a\" data-element_type=\"widget\" data-e-type=\"widget\" data-widget_type=\"text-editor.default\">\n\t\t\t\t<div class=\"elementor-widget-container\">\n\t\t\t\t\t\t\t\t\t<h3>Advisory Services<\/h3><p>Advisory services to agricultural or livestock farms.<\/p><p>Budget: 213,200 \u20ac.<\/p><p>Public aid: 213,200 \u20ac.<\/p><p>European Agricultural Fund for Rural Development (EAFRD). Strategic Plan for the Common Agricultural Policy 2023-2027. <\/p>\t\t\t\t\t\t\t\t<\/div>\n\t\t\t\t<\/div>\n\t\t\t\t<\/div>\n\t\t\t\t<\/div>\n\t\t\t\t\t<\/div>\n\t\t\t\t<\/div>\n\t\t\t\t<\/div>\n\t\t","protected":false},"excerpt":{"rendered":"<p>Subsidies Igape Assistance This company was the beneficiary of a grant from IGAPE&#8217;s &#8220;Industry 4.0 digitalization&#8221; program, which aims to [&hellip;]<\/p>\n","protected":false},"author":2,"featured_media":0,"parent":0,"menu_order":0,"comment_status":"closed","ping_status":"closed","template":"","meta":{"site-sidebar-layout":"no-sidebar","site-content-layout":"","ast-site-content-layout":"full-width-container","site-content-style":"default","site-sidebar-style":"default","ast-global-header-display":"","ast-banner-title-visibility":"","ast-main-header-display":"","ast-hfb-above-header-display":"","ast-hfb-below-header-display":"","ast-hfb-mobile-header-display":"","site-post-title":"disabled","ast-breadcrumbs-content":"","ast-featured-img":"disabled","footer-sml-layout":"","theme-transparent-header-meta":"default","adv-header-id-meta":"","stick-header-meta":"","header-above-stick-meta":"","header-main-stick-meta":"","header-below-stick-meta":"","astra-migrate-meta-layouts":"default","ast-page-background-enabled":"default","ast-page-background-meta":{"desktop":{"background-color":"var(--ast-global-color-5)","background-image":"","background-repeat":"repeat","background-position":"center center","background-size":"auto","background-attachment":"scroll","background-type":"","background-media":"","overlay-type":"","overlay-color":"","overlay-opacity":"","overlay-gradient":""},"tablet":{"background-color":"","background-image":"","background-repeat":"repeat","background-position":"center center","background-size":"auto","background-attachment":"scroll","background-type":"","background-media":"","overlay-type":"","overlay-color":"","overlay-opacity":"","overlay-gradient":""},"mobile":{"background-color":"","background-image":"","background-repeat":"repeat","background-position":"center center","background-size":"auto","background-attachment":"scroll","background-type":"","background-media":"","overlay-type":"","overlay-color":"","overlay-opacity":"","overlay-gradient":""}},"ast-content-background-meta":{"desktop":{"background-color":"var(--ast-global-color-4)","background-image":"","background-repeat":"repeat","background-position":"center center","background-size":"auto","background-attachment":"scroll","background-type":"","background-media":"","overlay-type":"","overlay-color":"","overlay-opacity":"","overlay-gradient":""},"tablet":{"background-color":"var(--ast-global-color-4)","background-image":"","background-repeat":"repeat","background-position":"center center","background-size":"auto","background-attachment":"scroll","background-type":"","background-media":"","overlay-type":"","overlay-color":"","overlay-opacity":"","overlay-gradient":""},"mobile":{"background-color":"var(--ast-global-color-4)","background-image":"","background-repeat":"repeat","background-position":"center center","background-size":"auto","background-attachment":"scroll","background-type":"","background-media":"","overlay-type":"","overlay-color":"","overlay-opacity":"","overlay-gradient":""}},"footnotes":""},"class_list":["post-3464","page","type-page","status-publish","hentry"],"yoast_head":"<!-- This site is optimized with the Yoast SEO plugin v27.1.1 - https:\/\/yoast.com\/product\/yoast-seo-wordpress\/ -->\n<title>Subsidies - Aira<\/title>\n<meta name=\"robots\" content=\"index, follow, max-snippet:-1, max-image-preview:large, max-video-preview:-1\" \/>\n<link rel=\"canonical\" href=\"https:\/\/www.aira.es\/en\/subsidies\/\" \/>\n<meta property=\"og:locale\" content=\"en_US\" \/>\n<meta property=\"og:type\" content=\"article\" \/>\n<meta property=\"og:title\" content=\"Subsidies - Aira\" \/>\n<meta property=\"og:description\" content=\"Subsidies Igape Assistance This company was the beneficiary of a grant from IGAPE&#8217;s &#8220;Industry 4.0 digitalization&#8221; program, which aims to [&hellip;]\" \/>\n<meta property=\"og:url\" content=\"https:\/\/www.aira.es\/en\/subsidies\/\" \/>\n<meta property=\"og:site_name\" content=\"Aira\" \/>\n<meta property=\"article:modified_time\" content=\"2025-10-24T05:24:37+00:00\" \/>\n<meta property=\"og:image\" content=\"https:\/\/www.aira.es\/wp-content\/uploads\/2025\/10\/xunta-galicia-union-europea.jpg\" \/>\n\t<meta property=\"og:image:width\" content=\"250\" \/>\n\t<meta property=\"og:image:height\" content=\"129\" \/>\n\t<meta property=\"og:image:type\" content=\"image\/jpeg\" \/>\n<meta name=\"twitter:card\" content=\"summary_large_image\" \/>\n<meta name=\"twitter:label1\" content=\"Est. reading time\" \/>\n\t<meta name=\"twitter:data1\" content=\"3 minutes\" \/>\n<script type=\"application\/ld+json\" class=\"yoast-schema-graph\">{\"@context\":\"https:\/\/schema.org\",\"@graph\":[{\"@type\":\"WebPage\",\"@id\":\"https:\/\/www.aira.es\/en\/subsidies\/\",\"url\":\"https:\/\/www.aira.es\/en\/subsidies\/\",\"name\":\"Subsidies - Aira\",\"isPartOf\":{\"@id\":\"https:\/\/www.aira.es\/en\/#website\"},\"primaryImageOfPage\":{\"@id\":\"https:\/\/www.aira.es\/en\/subsidies\/#primaryimage\"},\"image\":{\"@id\":\"https:\/\/www.aira.es\/en\/subsidies\/#primaryimage\"},\"thumbnailUrl\":\"https:\/\/www.aira.es\/wp-content\/uploads\/2025\/10\/xunta-galicia-union-europea.jpg\",\"datePublished\":\"2025-10-02T08:26:00+00:00\",\"dateModified\":\"2025-10-24T05:24:37+00:00\",\"breadcrumb\":{\"@id\":\"https:\/\/www.aira.es\/en\/subsidies\/#breadcrumb\"},\"inLanguage\":\"en-US\",\"potentialAction\":[{\"@type\":\"ReadAction\",\"target\":[\"https:\/\/www.aira.es\/en\/subsidies\/\"]}]},{\"@type\":\"ImageObject\",\"inLanguage\":\"en-US\",\"@id\":\"https:\/\/www.aira.es\/en\/subsidies\/#primaryimage\",\"url\":\"https:\/\/www.aira.es\/wp-content\/uploads\/2025\/10\/xunta-galicia-union-europea.jpg\",\"contentUrl\":\"https:\/\/www.aira.es\/wp-content\/uploads\/2025\/10\/xunta-galicia-union-europea.jpg\"},{\"@type\":\"BreadcrumbList\",\"@id\":\"https:\/\/www.aira.es\/en\/subsidies\/#breadcrumb\",\"itemListElement\":[{\"@type\":\"ListItem\",\"position\":1,\"name\":\"Portada\",\"item\":\"https:\/\/www.aira.es\/en\/\"},{\"@type\":\"ListItem\",\"position\":2,\"name\":\"Subsidies\"}]},{\"@type\":\"WebSite\",\"@id\":\"https:\/\/www.aira.es\/en\/#website\",\"url\":\"https:\/\/www.aira.es\/en\/\",\"name\":\"Aira\",\"description\":\"AIRA es el resultado de un proceso de integraci\u00f3n cooperativa iniciado en 2018, que supuso la fusi\u00f3n en una \u00fanica entidad jur\u00eddica de las cooperativas AGRIS, ICOS, COGASAR, COELPLAN y AIRA.\",\"publisher\":{\"@id\":\"https:\/\/www.aira.es\/en\/#organization\"},\"potentialAction\":[{\"@type\":\"SearchAction\",\"target\":{\"@type\":\"EntryPoint\",\"urlTemplate\":\"https:\/\/www.aira.es\/en\/?s={search_term_string}\"},\"query-input\":{\"@type\":\"PropertyValueSpecification\",\"valueRequired\":true,\"valueName\":\"search_term_string\"}}],\"inLanguage\":\"en-US\"},{\"@type\":\"Organization\",\"@id\":\"https:\/\/www.aira.es\/en\/#organization\",\"name\":\"Aira\",\"url\":\"https:\/\/www.aira.es\/en\/\",\"logo\":{\"@type\":\"ImageObject\",\"inLanguage\":\"en-US\",\"@id\":\"https:\/\/www.aira.es\/en\/#\/schema\/logo\/image\/\",\"url\":\"https:\/\/www.aira.es\/wp-content\/uploads\/2025\/05\/logotipo-aira.svg\",\"contentUrl\":\"https:\/\/www.aira.es\/wp-content\/uploads\/2025\/05\/logotipo-aira.svg\",\"caption\":\"Aira\"},\"image\":{\"@id\":\"https:\/\/www.aira.es\/en\/#\/schema\/logo\/image\/\"}}]}<\/script>\n<!-- \/ Yoast SEO plugin. -->","yoast_head_json":{"title":"Subsidies - Aira","robots":{"index":"index","follow":"follow","max-snippet":"max-snippet:-1","max-image-preview":"max-image-preview:large","max-video-preview":"max-video-preview:-1"},"canonical":"https:\/\/www.aira.es\/en\/subsidies\/","og_locale":"en_US","og_type":"article","og_title":"Subsidies - Aira","og_description":"Subsidies Igape Assistance This company was the beneficiary of a grant from IGAPE&#8217;s &#8220;Industry 4.0 digitalization&#8221; program, which aims to [&hellip;]","og_url":"https:\/\/www.aira.es\/en\/subsidies\/","og_site_name":"Aira","article_modified_time":"2025-10-24T05:24:37+00:00","og_image":[{"width":250,"height":129,"url":"https:\/\/www.aira.es\/wp-content\/uploads\/2025\/10\/xunta-galicia-union-europea.jpg","type":"image\/jpeg"}],"twitter_card":"summary_large_image","twitter_misc":{"Est. reading time":"3 minutes"},"schema":{"@context":"https:\/\/schema.org","@graph":[{"@type":"WebPage","@id":"https:\/\/www.aira.es\/en\/subsidies\/","url":"https:\/\/www.aira.es\/en\/subsidies\/","name":"Subsidies - Aira","isPartOf":{"@id":"https:\/\/www.aira.es\/en\/#website"},"primaryImageOfPage":{"@id":"https:\/\/www.aira.es\/en\/subsidies\/#primaryimage"},"image":{"@id":"https:\/\/www.aira.es\/en\/subsidies\/#primaryimage"},"thumbnailUrl":"https:\/\/www.aira.es\/wp-content\/uploads\/2025\/10\/xunta-galicia-union-europea.jpg","datePublished":"2025-10-02T08:26:00+00:00","dateModified":"2025-10-24T05:24:37+00:00","breadcrumb":{"@id":"https:\/\/www.aira.es\/en\/subsidies\/#breadcrumb"},"inLanguage":"en-US","potentialAction":[{"@type":"ReadAction","target":["https:\/\/www.aira.es\/en\/subsidies\/"]}]},{"@type":"ImageObject","inLanguage":"en-US","@id":"https:\/\/www.aira.es\/en\/subsidies\/#primaryimage","url":"https:\/\/www.aira.es\/wp-content\/uploads\/2025\/10\/xunta-galicia-union-europea.jpg","contentUrl":"https:\/\/www.aira.es\/wp-content\/uploads\/2025\/10\/xunta-galicia-union-europea.jpg"},{"@type":"BreadcrumbList","@id":"https:\/\/www.aira.es\/en\/subsidies\/#breadcrumb","itemListElement":[{"@type":"ListItem","position":1,"name":"Portada","item":"https:\/\/www.aira.es\/en\/"},{"@type":"ListItem","position":2,"name":"Subsidies"}]},{"@type":"WebSite","@id":"https:\/\/www.aira.es\/en\/#website","url":"https:\/\/www.aira.es\/en\/","name":"Aira","description":"AIRA es el resultado de un proceso de integraci\u00f3n cooperativa iniciado en 2018, que supuso la fusi\u00f3n en una \u00fanica entidad jur\u00eddica de las cooperativas AGRIS, ICOS, COGASAR, COELPLAN y AIRA.","publisher":{"@id":"https:\/\/www.aira.es\/en\/#organization"},"potentialAction":[{"@type":"SearchAction","target":{"@type":"EntryPoint","urlTemplate":"https:\/\/www.aira.es\/en\/?s={search_term_string}"},"query-input":{"@type":"PropertyValueSpecification","valueRequired":true,"valueName":"search_term_string"}}],"inLanguage":"en-US"},{"@type":"Organization","@id":"https:\/\/www.aira.es\/en\/#organization","name":"Aira","url":"https:\/\/www.aira.es\/en\/","logo":{"@type":"ImageObject","inLanguage":"en-US","@id":"https:\/\/www.aira.es\/en\/#\/schema\/logo\/image\/","url":"https:\/\/www.aira.es\/wp-content\/uploads\/2025\/05\/logotipo-aira.svg","contentUrl":"https:\/\/www.aira.es\/wp-content\/uploads\/2025\/05\/logotipo-aira.svg","caption":"Aira"},"image":{"@id":"https:\/\/www.aira.es\/en\/#\/schema\/logo\/image\/"}}]}},"_links":{"self":[{"href":"https:\/\/www.aira.es\/en\/wp-json\/wp\/v2\/pages\/3464","targetHints":{"allow":["GET"]}}],"collection":[{"href":"https:\/\/www.aira.es\/en\/wp-json\/wp\/v2\/pages"}],"about":[{"href":"https:\/\/www.aira.es\/en\/wp-json\/wp\/v2\/types\/page"}],"author":[{"embeddable":true,"href":"https:\/\/www.aira.es\/en\/wp-json\/wp\/v2\/users\/2"}],"replies":[{"embeddable":true,"href":"https:\/\/www.aira.es\/en\/wp-json\/wp\/v2\/comments?post=3464"}],"version-history":[{"count":0,"href":"https:\/\/www.aira.es\/en\/wp-json\/wp\/v2\/pages\/3464\/revisions"}],"wp:attachment":[{"href":"https:\/\/www.aira.es\/en\/wp-json\/wp\/v2\/media?parent=3464"}],"curies":[{"name":"wp","href":"https:\/\/api.w.org\/{rel}","templated":true}]}}